{"id":497,"date":"2020-11-19T00:51:46","date_gmt":"2020-11-19T03:51:46","guid":{"rendered":"https:\/\/anarcopunk.org\/festival\/?page_id=497"},"modified":"2024-11-04T20:22:30","modified_gmt":"2024-11-04T23:22:30","slug":"programacao-2020","status":"publish","type":"page","link":"https:\/\/anarcopunk.org\/festival\/programacao-2020\/","title":{"rendered":"PROGRAMA\u00c7\u00c3O 2020"},"content":{"rendered":"\t\t<div data-elementor-type=\"wp-page\" data-elementor-id=\"497\" class=\"elementor elementor-497\">\n\t\t\t\t\t\t<section class=\"elementor-section elementor-top-section elementor-element elementor-element-442e633 elementor-section-boxed elementor-section-height-default elementor-section-height-default\" data-id=\"442e633\" data-element_type=\"section\" data-e-type=\"section\">\n\t\t\t\t\t\t<div class=\"elementor-container elementor-column-gap-default\">\n\t\t\t\t\t<div class=\"elementor-column elementor-col-100 elementor-top-column elementor-element elementor-element-49a0f80\" data-id=\"49a0f80\" data-element_type=\"column\" data-e-type=\"column\">\n\t\t\t<div class=\"elementor-widget-wrap elementor-element-populated\">\n\t\t\t\t\t\t<div class=\"elementor-element elementor-element-5c861ea elementor-widget elementor-widget-text-editor\" data-id=\"5c861ea\" data-element_type=\"widget\" data-e-type=\"widget\" data-widget_type=\"text-editor.default\">\n\t\t\t\t<div class=\"elementor-widget-container\">\n\t\t\t\t\t\t\t\t\t<p style=\"text-align: left;\">De 1 a 6 de dezembro \/\/ Edi\u00e7\u00e3o Online<\/p><p>\u00a0<\/p>\t\t\t\t\t\t\t\t<\/div>\n\t\t\t\t<\/div>\n\t\t\t\t<div class=\"elementor-element elementor-element-d5522d7 elementor-widget elementor-widget-image\" data-id=\"d5522d7\" data-element_type=\"widget\" data-e-type=\"widget\" data-widget_type=\"image.default\">\n\t\t\t\t<div class=\"elementor-widget-container\">\n\t\t\t\t\t\t\t\t\t\t\t\t\t\t\t<img fetchpriority=\"high\" decoding=\"async\" width=\"212\" height=\"300\" src=\"https:\/\/anarcopunk.org\/festival\/wp-content\/uploads\/2020\/10\/cartaz-212x300.jpg\" class=\"attachment-medium size-medium wp-image-354\" alt=\"\" srcset=\"https:\/\/anarcopunk.org\/festival\/wp-content\/uploads\/2020\/10\/cartaz-212x300.jpg 212w, https:\/\/anarcopunk.org\/festival\/wp-content\/uploads\/2020\/10\/cartaz-724x1024.jpg 724w, https:\/\/anarcopunk.org\/festival\/wp-content\/uploads\/2020\/10\/cartaz-768x1086.jpg 768w, https:\/\/anarcopunk.org\/festival\/wp-content\/uploads\/2020\/10\/cartaz-1086x1536.jpg 1086w, https:\/\/anarcopunk.org\/festival\/wp-content\/uploads\/2020\/10\/cartaz-1448x2048.jpg 1448w, https:\/\/anarcopunk.org\/festival\/wp-content\/uploads\/2020\/10\/cartaz-scaled-e1605745463566.jpg 700w\" sizes=\"(max-width: 212px) 100vw, 212px\" \/>\t\t\t\t\t\t\t\t\t\t\t\t\t\t\t<\/div>\n\t\t\t\t<\/div>\n\t\t\t\t\t<\/div>\n\t\t<\/div>\n\t\t\t\t\t<\/div>\n\t\t<\/section>\n\t\t\t\t<section class=\"elementor-section elementor-top-section elementor-element elementor-element-c636877 elementor-section-boxed elementor-section-height-default elementor-section-height-default\" data-id=\"c636877\" data-element_type=\"section\" data-e-type=\"section\">\n\t\t\t\t\t\t<div class=\"elementor-container elementor-column-gap-default\">\n\t\t\t\t\t<div class=\"elementor-column elementor-col-100 elementor-top-column elementor-element elementor-element-a346084\" data-id=\"a346084\" data-element_type=\"column\" data-e-type=\"column\">\n\t\t\t<div class=\"elementor-widget-wrap elementor-element-populated\">\n\t\t\t\t\t\t<div class=\"elementor-element elementor-element-83b8c1c elementor-widget elementor-widget-text-editor\" data-id=\"83b8c1c\" data-element_type=\"widget\" data-e-type=\"widget\" data-widget_type=\"text-editor.default\">\n\t\t\t\t<div class=\"elementor-widget-container\">\n\t\t\t\t\t\t\t\t\t<p dir=\"ltr\" style=\"line-height: 1.38; margin-top: 0pt; margin-bottom: 0pt;\"><span style=\"font-size: 11pt; font-family: arial, helvetica, sans-serif; color: #000000; background-color: transparent; font-weight: 400; font-style: normal; font-variant: normal; text-decoration: none; vertical-align: baseline; white-space: pre-wrap;\">1\/dez ter\u00e7a<strong> * FESTIVAIS DE FILME ANARQUISTA<\/strong> \/\/\/ das 20hs \u00e0s 22hs<\/span><\/p>\n<p dir=\"ltr\" style=\"line-height: 1.38; margin-top: 0pt; margin-bottom: 0pt; text-align: center;\"><span style=\"font-size: 11pt; font-family: arial, helvetica, sans-serif; color: #000000; background-color: transparent; font-weight: 400; font-style: normal; font-variant: normal; text-decoration: none; vertical-align: baseline; white-space: pre-wrap;\">* * *<\/span><\/p>\n<p dir=\"ltr\" style=\"line-height: 1.38; margin-top: 0pt; margin-bottom: 0pt;\"><span style=\"font-size: 11pt; font-family: arial, helvetica, sans-serif; color: #000000; background-color: transparent; font-weight: 400; font-style: normal; font-variant: normal; text-decoration: none; vertical-align: baseline; white-space: pre-wrap;\">20hs || <em>ABERTURA<\/em><\/span><\/p>\n<ul>\n<li dir=\"ltr\" style=\"line-height: 1.38;\"><span style=\"font-size: 11pt; font-family: arial, helvetica, sans-serif; color: #000000; background-color: transparent; font-weight: 400; font-style: normal; font-variant: normal; text-decoration: none; vertical-align: baseline; white-space: pre-wrap;\">Apresenta\u00e7\u00e3o de fantoches com <strong>TITERES ACRATAS<\/strong> (Argentina)<\/span><\/li>\n<li dir=\"ltr\" style=\"line-height: 1.38;\"><span style=\"color: #000000; font-family: arial, helvetica, sans-serif;\">SOM | <strong>LOUKANIKO Y LXS PERRXS<\/strong> (Folk Punk \/ M\u00e9xico)<\/span><\/li>\n<li dir=\"ltr\" style=\"line-height: 1.38;\"><span style=\"color: #000000; font-family: arial, helvetica, sans-serif;\">Algumas <strong>palavras iniciais<\/strong>, por coletivo organizador<\/span><\/li>\n<\/ul>\n<p dir=\"ltr\" style=\"line-height: 1.38; margin-top: 0pt; margin-bottom: 0pt;\"><span style=\"font-size: 11pt; font-family: arial, helvetica, sans-serif; color: #000000; background-color: transparent; font-weight: 400; font-style: normal; font-variant: normal; text-decoration: none; vertical-align: baseline; white-space: pre-wrap;\"><em>FILME<\/em> | estr\u00e9ia &#8211; <strong>PROYECTANDO LIBERTAD<\/strong> <em>(Anarcofilmes | 21min | 2020 | Mexico\/Brasil | legendas em portugu\u00eas)<\/em> * Reflex\u00f5es sobre o audiovisual anarquista, o uso dessa ferramenta em nossas lutas, e um pouco do que foi a organiza\u00e7\u00e3o do Primeiro Festival Internacional de Cine Anarquista na Cidade do M\u00e9xico em dezembro de 2019. <\/span><\/p>\n<p dir=\"ltr\" style=\"line-height: 1.38; margin-top: 0pt; margin-bottom: 0pt;\">\u00a0<\/p>\n<p dir=\"ltr\" style=\"line-height: 1.38; margin-top: 0pt; margin-bottom: 0pt;\"><span style=\"font-family: arial, helvetica, sans-serif;\"><em><span style=\"font-size: 11pt; color: #000000; background-color: transparent; font-variant: normal; text-decoration: none; vertical-align: baseline; white-space: pre-wrap;\">CAPSULAS | <\/span><\/em><strong><span style=\"font-size: 11pt; color: #000000; background-color: transparent; font-style: normal; font-variant: normal; text-decoration: none; vertical-align: baseline; white-space: pre-wrap;\">DEPOIMENTOS SOBRE EXPERI\u00caNCIAS COM FESTIVAIS E MOSTRAS LIBERT\u00c1RIAS, <\/span><\/strong><span style=\"font-size: 11pt; color: #000000; background-color: transparent; font-weight: 400; font-style: normal; font-variant: normal; text-decoration: none; vertical-align: baseline; white-space: pre-wrap;\">com <strong>Cine Molotov<\/strong> (Fortaleza\/CE), <strong>Festival do Filme Anarquista de Belo Horizonte<\/strong> (MG), <strong>Festival de Cine Anarquista em Lima\/Peru<\/strong>, <strong>MoNSTraSH<\/strong> <em>(Mostra Nomade sobre Transgeneridades e Sexualidades Hediondas)<\/em>, <strong>Mostra Insurgente<\/strong> (RJ\/RJ), <strong>Mostra Internacional de Filmes Punks Anarquistas<\/strong> (Natal\/RN)<\/span><\/span><\/p>\n<p dir=\"ltr\" style=\"line-height: 1.38; margin-top: 0pt; margin-bottom: 0pt;\">\u00a0<\/p>\n<p dir=\"ltr\" style=\"line-height: 1.38; margin-top: 0pt; margin-bottom: 0pt;\"><span style=\"font-size: 11pt; font-family: arial, helvetica, sans-serif; color: #000000; background-color: transparent; font-weight: 400; font-style: normal; font-variant: normal; text-decoration: none; vertical-align: baseline; white-space: pre-wrap;\">21hs || <em>CONVERSA AO VIVO<\/em> | <strong>TROCA DE EXPERI\u00caNCIAS ENTRE FESTIVAIS DE FILME ANARQUISTA<\/strong>, com integrantes dos<em> Festivais de Buenos Aires e S\u00e3o Paulo<\/em><\/span><\/p>\t\t\t\t\t\t\t\t<\/div>\n\t\t\t\t<\/div>\n\t\t\t\t\t<\/div>\n\t\t<\/div>\n\t\t\t\t\t<\/div>\n\t\t<\/section>\n\t\t\t\t<section class=\"elementor-section elementor-top-section elementor-element elementor-element-6ddf5bc elementor-section-boxed elementor-section-height-default elementor-section-height-default\" data-id=\"6ddf5bc\" data-element_type=\"section\" data-e-type=\"section\">\n\t\t\t\t\t\t<div class=\"elementor-container elementor-column-gap-default\">\n\t\t\t\t\t<div class=\"elementor-column elementor-col-100 elementor-top-column elementor-element elementor-element-40ffc3a\" data-id=\"40ffc3a\" data-element_type=\"column\" data-e-type=\"column\">\n\t\t\t<div class=\"elementor-widget-wrap elementor-element-populated\">\n\t\t\t\t\t\t<div class=\"elementor-element elementor-element-ff48d44 elementor-arrows-position-inside elementor-pagination-position-outside elementor-widget elementor-widget-image-carousel\" data-id=\"ff48d44\" data-element_type=\"widget\" data-e-type=\"widget\" data-settings=\"{&quot;navigation&quot;:&quot;both&quot;,&quot;autoplay&quot;:&quot;yes&quot;,&quot;pause_on_hover&quot;:&quot;yes&quot;,&quot;pause_on_interaction&quot;:&quot;yes&quot;,&quot;autoplay_speed&quot;:5000,&quot;infinite&quot;:&quot;yes&quot;,&quot;speed&quot;:500}\" data-widget_type=\"image-carousel.default\">\n\t\t\t\t<div class=\"elementor-widget-container\">\n\t\t\t\t\t\t\t<div class=\"elementor-image-carousel-wrapper swiper\" role=\"region\" aria-roledescription=\"carousel\" aria-label=\"Carrossel de imagens\" dir=\"ltr\">\n\t\t\t<div class=\"elementor-image-carousel swiper-wrapper\" aria-live=\"off\">\n\t\t\t\t\t\t\t\t<div class=\"swiper-slide\" role=\"group\" aria-roledescription=\"slide\" aria-label=\"1 de 4\"><figure class=\"swiper-slide-inner\"><img decoding=\"async\" class=\"swiper-slide-image\" src=\"https:\/\/anarcopunk.org\/festival\/wp-content\/uploads\/2020\/11\/festivais-150x150.jpg\" alt=\"festivais\" \/><\/figure><\/div><div class=\"swiper-slide\" role=\"group\" aria-roledescription=\"slide\" aria-label=\"2 de 4\"><figure class=\"swiper-slide-inner\"><img decoding=\"async\" class=\"swiper-slide-image\" src=\"https:\/\/anarcopunk.org\/festival\/wp-content\/uploads\/2020\/11\/PROPA-150x150.jpg\" alt=\"PROPA\" \/><\/figure><\/div><div class=\"swiper-slide\" role=\"group\" aria-roledescription=\"slide\" aria-label=\"3 de 4\"><figure class=\"swiper-slide-inner\"><img decoding=\"async\" class=\"swiper-slide-image\" src=\"https:\/\/anarcopunk.org\/festival\/wp-content\/uploads\/2020\/11\/titeresacratas-150x150.jpg\" alt=\"titeresacratas\" \/><\/figure><\/div><div class=\"swiper-slide\" role=\"group\" aria-roledescription=\"slide\" aria-label=\"4 de 4\"><figure class=\"swiper-slide-inner\"><img decoding=\"async\" class=\"swiper-slide-image\" src=\"https:\/\/anarcopunk.org\/festival\/wp-content\/uploads\/2020\/11\/loukaniko-150x150.jpg\" alt=\"loukaniko\" \/><\/figure><\/div>\t\t\t<\/div>\n\t\t\t\t\t\t\t\t\t\t\t\t<div class=\"elementor-swiper-button elementor-swiper-button-prev\" role=\"button\" tabindex=\"0\">\n\t\t\t\t\t\t<i aria-hidden=\"true\" class=\"eicon-chevron-left\"><\/i>\t\t\t\t\t<\/div>\n\t\t\t\t\t<div class=\"elementor-swiper-button elementor-swiper-button-next\" role=\"button\" tabindex=\"0\">\n\t\t\t\t\t\t<i aria-hidden=\"true\" class=\"eicon-chevron-right\"><\/i>\t\t\t\t\t<\/div>\n\t\t\t\t\n\t\t\t\t\t\t\t\t\t<div class=\"swiper-pagination\"><\/div>\n\t\t\t\t\t\t\t\t\t<\/div>\n\t\t\t\t\t\t<\/div>\n\t\t\t\t<\/div>\n\t\t\t\t\t<\/div>\n\t\t<\/div>\n\t\t\t\t\t<\/div>\n\t\t<\/section>\n\t\t\t\t<section class=\"elementor-section elementor-top-section elementor-element elementor-element-6b4d3da elementor-section-boxed elementor-section-height-default elementor-section-height-default\" data-id=\"6b4d3da\" data-element_type=\"section\" data-e-type=\"section\">\n\t\t\t\t\t\t<div class=\"elementor-container elementor-column-gap-default\">\n\t\t\t\t\t<div class=\"elementor-column elementor-col-100 elementor-top-column elementor-element elementor-element-68d015b\" data-id=\"68d015b\" data-element_type=\"column\" data-e-type=\"column\">\n\t\t\t<div class=\"elementor-widget-wrap elementor-element-populated\">\n\t\t\t\t\t\t<div class=\"elementor-element elementor-element-28354e5 elementor-widget elementor-widget-text-editor\" data-id=\"28354e5\" data-element_type=\"widget\" data-e-type=\"widget\" data-widget_type=\"text-editor.default\">\n\t\t\t\t<div class=\"elementor-widget-container\">\n\t\t\t\t\t\t\t\t\t<p dir=\"ltr\" style=\"line-height: 1.38; margin-top: 0pt; margin-bottom: 0pt;\"><span style=\"font-size: 11pt; font-family: Arial; color: #000000; background-color: transparent; font-weight: 400; font-style: normal; font-variant: normal; text-decoration: none; vertical-align: baseline; white-space: pre-wrap;\">2\/dez quarta * <strong>CONTRA-INFORMA\u00c7\u00c3O: CONSTRUINDO NOSSOS MEIOS DE DIFUS\u00c3O<\/strong> \/\/\/ das 20hs \u00e0s 22h<\/span><\/p><p dir=\"ltr\" style=\"line-height: 1.38; margin-top: 0pt; margin-bottom: 0pt; text-align: center;\"><span style=\"font-size: 11pt; font-family: Arial; color: #000000; background-color: transparent; font-weight: 400; font-style: normal; font-variant: normal; text-decoration: none; vertical-align: baseline; white-space: pre-wrap;\">* * *<\/span><\/p><p dir=\"ltr\" style=\"line-height: 1.38; margin-top: 0pt; margin-bottom: 0pt;\"><span style=\"font-size: 11pt; font-family: Arial; color: #000000; background-color: transparent; font-weight: 400; font-style: normal; font-variant: normal; text-decoration: none; vertical-align: baseline; white-space: pre-wrap;\">20hs\u00a0 | <em>ABERTURA<\/em><\/span><\/p><ul><li dir=\"ltr\" style=\"line-height: 1.38;\"><span style=\"font-size: 11pt; font-family: Arial; color: #000000; background-color: transparent; font-weight: 400; font-style: normal; font-variant: normal; text-decoration: none; vertical-align: baseline; white-space: pre-wrap;\">Apresenta\u00e7\u00e3o po\u00e9tica a confirmar <\/span><\/li><\/ul><p dir=\"ltr\" style=\"line-height: 1.38; margin-top: 0pt; margin-bottom: 0pt;\"><span style=\"font-size: 11pt; font-family: Arial; color: #000000; background-color: transparent; font-weight: 400; font-style: normal; font-variant: normal; text-decoration: none; vertical-align: baseline; white-space: pre-wrap;\"><em>ENTREVISTA<\/em> | com <strong>Antimidia \/ Plataforma Kolektiva<\/strong><\/span><\/p><p dir=\"ltr\" style=\"line-height: 1.38; margin-top: 0pt; margin-bottom: 0pt;\">\u00a0<\/p><p dir=\"ltr\" style=\"line-height: 1.38; margin-top: 0pt; margin-bottom: 0pt;\"><span style=\"font-size: 11pt; font-family: Arial; color: #000000; background-color: transparent; font-weight: 400; font-style: normal; font-variant: normal; text-decoration: none; vertical-align: baseline; white-space: pre-wrap;\">CAPSULAS |<strong> ANARQUIA RADIAL<\/strong> * depoimentos com as r\u00e1dios anarquistas <strong>Estado de Crisis<\/strong> <em>(Chile)<\/em>, <strong>La Subte Radio<\/strong> <em>(Colombia)<\/em>, <strong>Negras Tormentas<\/strong> <em>(r\u00e1dio antifronteiras)<\/em>, e <strong>Es Palabra Acrata, Sabelo<\/strong> <em>(Argentina)<\/em> <\/span><\/p><p dir=\"ltr\" style=\"line-height: 1.38; margin-top: 0pt; margin-bottom: 0pt;\">\u00a0<\/p><p dir=\"ltr\" style=\"line-height: 1.38; margin-top: 0pt; margin-bottom: 0pt;\"><span style=\"font-size: 11pt; font-family: Arial; color: #000000; background-color: transparent; font-weight: 400; font-variant: normal; text-decoration: none; vertical-align: baseline; white-space: pre-wrap;\">21hs | <em>FILMES <\/em><\/span><\/p><ul><li dir=\"ltr\" style=\"line-height: 1.38;\"><span style=\"font-size: 11pt; font-family: Arial; color: #000000; background-color: transparent; font-weight: 400; font-style: normal; font-variant: normal; text-decoration: none; vertical-align: baseline; white-space: pre-wrap;\"><strong>ESTREIA | O Fim das Pris\u00f5es<\/strong> <em>(Antimidia | 12min | 2020 | Brasil) *<\/em> Um olhar sobre as pris\u00f5es, sua fun\u00e7\u00e3o na sociedade, seu impacto na vida das pessoas. As pris\u00f5es e o punitivismo s\u00e3o solu\u00e7\u00f5es para termos um mundo menos violento e mais livre?<\/span><\/li><li dir=\"ltr\" style=\"line-height: 1.38;\"><span style=\"background-color: transparent; font-variant-numeric: normal; font-variant-east-asian: normal; vertical-align: baseline;\"><em><span style=\"color: #000000; font-family: Arial;\"><span style=\"font-size: 11pt; font-style: normal; white-space: pre-wrap;\"><span style=\"font-family: arial, helvetica, sans-serif;\"><strong>ESTREIA<span style=\"color: #000000;\"><span style=\"font-size: 11pt; white-space: pre-wrap;\"> |<\/span><\/span> Que lxs ricxs coman mierda! \/\/ Comida No Bombas Kitu<\/strong><\/span> (8min | 2020 | <\/span><\/span><span style=\"color: #000000; font-family: Arial;\"><span style=\"font-size: 11pt; white-space: pre-wrap;\">K<\/span><\/span><span style=\"color: #000000; font-family: Arial;\"><span style=\"font-size: 14.6667px; white-space: pre-wrap;\">aos i Katarsis<\/span><\/span> <span style=\"color: #000000; font-family: Arial;\"><span style=\"font-size: 11pt; font-style: normal; white-space: pre-wrap;\">| Ecuador)<\/span><\/span><\/em><span style=\"color: #000000; font-family: Arial;\"><span style=\"font-size: 11pt; white-space: pre-wrap;\"> * O apoio m\u00fatuo contra a normalidade capitalista impulsionou a exist\u00eancia de Comida No Bombas Kitu, uma <\/span><\/span><em style=\"color: #000000; font-family: Arial; font-size: 11pt; font-style: normal; font-variant-ligatures: normal; font-variant-caps: normal; font-weight: 400; white-space: pre-wrap; text-decoration-line: none;\">juntanza<\/em><span style=\"color: #000000; font-family: Arial;\"><span style=\"font-size: 11pt; white-space: pre-wrap;\"> de v\u00e1rixs que, atrav\u00e9s da comida, buscam levantar uma trincheira de solidariedade e empatia combativa e contestadora.<\/span><\/span><strong style=\"color: #000000; font-family: Arial; font-size: 11pt; font-style: normal; font-variant-ligatures: normal; font-variant-caps: normal; font-weight: 400; white-space: pre-wrap; text-decoration-line: none;\"><br \/><\/strong> <\/span><\/li><li dir=\"ltr\" style=\"line-height: 1.38;\"><span style=\"font-size: 11pt; font-family: Arial; color: #000000; background-color: transparent; font-weight: 400; font-style: normal; font-variant: normal; text-decoration: none; vertical-align: baseline; white-space: pre-wrap;\"><strong>Mapuche la Tierra se levanta<\/strong>\u00a0 <em>(Matanza Viva | 50min | 2020 | Wallmapu | legendas em portugu\u00eas) * <\/em>N\u00e3o se trata apenas de um filme. \u00c9 um manifesto pol\u00edtico escondido na c\u00e2mera. Um tipo de canto de batalha amplificado pelo eco que devolve a cordilheira e se perde entre tiros de bala de borracha e o canto ancestral. \u00c9 o registro iniciado em meados de 2018, pouco antes de que se completasse um ano do desaparecimento de Santiago Maldonado enquanto participava da reivindica\u00e7\u00e3o pela liberdade do lonko Mapuche, Facundo Jones Huala, pelas terras cercadas de Benetton y Lewis. Todo o document\u00e1rio foi realizado de forma totalmente autogestiva.<\/span><\/li><\/ul>\t\t\t\t\t\t\t\t<\/div>\n\t\t\t\t<\/div>\n\t\t\t\t\t<\/div>\n\t\t<\/div>\n\t\t\t\t\t<\/div>\n\t\t<\/section>\n\t\t\t\t<section class=\"elementor-section elementor-top-section elementor-element elementor-element-ff3bda0 elementor-section-boxed elementor-section-height-default elementor-section-height-default\" data-id=\"ff3bda0\" data-element_type=\"section\" data-e-type=\"section\">\n\t\t\t\t\t\t<div class=\"elementor-container elementor-column-gap-default\">\n\t\t\t\t\t<div class=\"elementor-column elementor-col-100 elementor-top-column elementor-element elementor-element-77b3d4a\" data-id=\"77b3d4a\" data-element_type=\"column\" data-e-type=\"column\">\n\t\t\t<div class=\"elementor-widget-wrap elementor-element-populated\">\n\t\t\t\t\t\t<div class=\"elementor-element elementor-element-cf8d048 elementor-arrows-position-inside elementor-pagination-position-outside elementor-widget elementor-widget-image-carousel\" data-id=\"cf8d048\" data-element_type=\"widget\" data-e-type=\"widget\" data-settings=\"{&quot;navigation&quot;:&quot;both&quot;,&quot;autoplay&quot;:&quot;yes&quot;,&quot;pause_on_hover&quot;:&quot;yes&quot;,&quot;pause_on_interaction&quot;:&quot;yes&quot;,&quot;autoplay_speed&quot;:5000,&quot;infinite&quot;:&quot;yes&quot;,&quot;speed&quot;:500}\" data-widget_type=\"image-carousel.default\">\n\t\t\t\t<div class=\"elementor-widget-container\">\n\t\t\t\t\t\t\t<div class=\"elementor-image-carousel-wrapper swiper\" role=\"region\" aria-roledescription=\"carousel\" aria-label=\"Carrossel de imagens\" dir=\"ltr\">\n\t\t\t<div class=\"elementor-image-carousel swiper-wrapper\" aria-live=\"off\">\n\t\t\t\t\t\t\t\t<div class=\"swiper-slide\" role=\"group\" aria-roledescription=\"slide\" aria-label=\"1 de 5\"><figure class=\"swiper-slide-inner\"><img decoding=\"async\" class=\"swiper-slide-image\" src=\"https:\/\/anarcopunk.org\/festival\/wp-content\/uploads\/2020\/11\/entrevistas-geral-150x150.jpg\" alt=\"entrevistas geral\" \/><\/figure><\/div><div class=\"swiper-slide\" role=\"group\" aria-roledescription=\"slide\" aria-label=\"2 de 5\"><figure class=\"swiper-slide-inner\"><img decoding=\"async\" class=\"swiper-slide-image\" src=\"https:\/\/anarcopunk.org\/festival\/wp-content\/uploads\/2020\/11\/radios-150x150.jpg\" alt=\"radios\" \/><\/figure><\/div><div class=\"swiper-slide\" role=\"group\" aria-roledescription=\"slide\" aria-label=\"3 de 5\"><figure class=\"swiper-slide-inner\"><img decoding=\"async\" class=\"swiper-slide-image\" src=\"https:\/\/anarcopunk.org\/festival\/wp-content\/uploads\/2020\/11\/c471bc99-5be9-4449-8cc7-2c43c4d8595b-150x150.jpg\" alt=\"c471bc99-5be9-4449-8cc7-2c43c4d8595b\" \/><\/figure><\/div><div class=\"swiper-slide\" role=\"group\" aria-roledescription=\"slide\" aria-label=\"4 de 5\"><figure class=\"swiper-slide-inner\"><img decoding=\"async\" class=\"swiper-slide-image\" src=\"https:\/\/anarcopunk.org\/festival\/wp-content\/uploads\/2020\/11\/123272927_361467288635351_1078928519444719967_n-150x150.jpg\" alt=\"123272927_361467288635351_1078928519444719967_n\" \/><\/figure><\/div><div class=\"swiper-slide\" role=\"group\" aria-roledescription=\"slide\" aria-label=\"5 de 5\"><figure class=\"swiper-slide-inner\"><img decoding=\"async\" class=\"swiper-slide-image\" src=\"https:\/\/anarcopunk.org\/festival\/wp-content\/uploads\/2020\/11\/doc_comidanobombas-150x150.jpg\" alt=\"doc_comidanobombas\" \/><\/figure><\/div>\t\t\t<\/div>\n\t\t\t\t\t\t\t\t\t\t\t\t<div class=\"elementor-swiper-button elementor-swiper-button-prev\" role=\"button\" tabindex=\"0\">\n\t\t\t\t\t\t<i aria-hidden=\"true\" class=\"eicon-chevron-left\"><\/i>\t\t\t\t\t<\/div>\n\t\t\t\t\t<div class=\"elementor-swiper-button elementor-swiper-button-next\" role=\"button\" tabindex=\"0\">\n\t\t\t\t\t\t<i aria-hidden=\"true\" class=\"eicon-chevron-right\"><\/i>\t\t\t\t\t<\/div>\n\t\t\t\t\n\t\t\t\t\t\t\t\t\t<div class=\"swiper-pagination\"><\/div>\n\t\t\t\t\t\t\t\t\t<\/div>\n\t\t\t\t\t\t<\/div>\n\t\t\t\t<\/div>\n\t\t\t\t\t<\/div>\n\t\t<\/div>\n\t\t\t\t\t<\/div>\n\t\t<\/section>\n\t\t\t\t<section class=\"elementor-section elementor-top-section elementor-element elementor-element-c4e8a2b elementor-section-boxed elementor-section-height-default elementor-section-height-default\" data-id=\"c4e8a2b\" data-element_type=\"section\" data-e-type=\"section\">\n\t\t\t\t\t\t<div class=\"elementor-container elementor-column-gap-default\">\n\t\t\t\t\t<div class=\"elementor-column elementor-col-100 elementor-top-column elementor-element elementor-element-86f802a\" data-id=\"86f802a\" data-element_type=\"column\" data-e-type=\"column\">\n\t\t\t<div class=\"elementor-widget-wrap elementor-element-populated\">\n\t\t\t\t\t\t<div class=\"elementor-element elementor-element-8ead939 elementor-widget elementor-widget-text-editor\" data-id=\"8ead939\" data-element_type=\"widget\" data-e-type=\"widget\" data-widget_type=\"text-editor.default\">\n\t\t\t\t<div class=\"elementor-widget-container\">\n\t\t\t\t\t\t\t\t\t<p dir=\"ltr\" style=\"line-height: 1.38; margin-top: 0pt; margin-bottom: 0pt;\"><span style=\"font-size: 11pt; font-family: Arial; color: #000000; background-color: transparent; font-weight: 400; font-style: normal; font-variant: normal; text-decoration: none; vertical-align: baseline; white-space: pre-wrap;\">3\/dez quinta * <strong>SE N\u00c3O POSSO DAN\u00c7AR N\u00c3O \u00c9 MINHA REVOLU\u00c7\u00c3O<\/strong> \/\/ das 20hs \u00e0s 22h<\/span><\/p><p style=\"text-align: center;\"><span style=\"font-family: arial, helvetica, sans-serif;\"><b style=\"font-weight: normal;\">\u00a0* * *<\/b><\/span><\/p><p dir=\"ltr\" style=\"line-height: 1.38; margin-top: 0pt; margin-bottom: 0pt;\"><span style=\"font-size: 11pt; font-family: Arial; color: #000000; background-color: transparent; font-weight: 400; font-style: normal; font-variant: normal; text-decoration: none; vertical-align: baseline; white-space: pre-wrap;\">20h00 | <em>ABERTURA<\/em><\/span><\/p><ul><li dir=\"ltr\" style=\"line-height: 1.38;\"><strong><span style=\"font-size: 11pt; font-family: Arial; color: #000000; background-color: transparent; font-style: normal; font-variant: normal; text-decoration: none; vertical-align: baseline; white-space: pre-wrap;\">Nuclear Frost <\/span><\/strong><em><span style=\"font-size: 11pt; font-family: Arial; color: #000000; background-color: transparent; font-variant: normal; text-decoration: none; vertical-align: baseline; white-space: pre-wrap;\">(Crust \/ SP)<\/span><\/em><\/li><li dir=\"ltr\"><span style=\"color: #000000;\">Poesias por <strong>Maria Helena<\/strong> (SP)<\/span><\/li><\/ul><p dir=\"ltr\" style=\"line-height: 1.38; margin-top: 0pt; margin-bottom: 0pt;\"><span style=\"font-size: 11pt; font-family: Arial; color: #000000; background-color: transparent; font-weight: 400; font-style: normal; font-variant: normal; text-decoration: none; vertical-align: baseline; white-space: pre-wrap;\"><em>ENTREVISTA<\/em> | com <strong>Arlen Siu<\/strong> (Quito\/Ecuador) + lan\u00e7amento do videoclipe <strong>Kuervx Negrx &#8211; Ning\u00fan Mar en Calma<\/strong> <em>(rap punk \u00e1crata)<\/em><\/span><\/p><p dir=\"ltr\" style=\"line-height: 1.38; margin-top: 0pt; margin-bottom: 0pt;\">\u00a0<\/p><p dir=\"ltr\" style=\"line-height: 1.38; margin-top: 0pt; margin-bottom: 0pt;\"><span style=\"font-size: 11pt; font-family: Arial; color: #000000; background-color: transparent; font-weight: 400; font-style: normal; font-variant: normal; text-decoration: none; vertical-align: baseline; white-space: pre-wrap;\"><em>CURTA<\/em> | <strong>Si no puedo bailar no me interesa tu revolucion<\/strong><\/span><\/p><p dir=\"ltr\" style=\"line-height: 1.38; margin-top: 0pt; margin-bottom: 0pt;\"><em><span style=\"font-size: 11pt; font-family: Arial; color: #000000; background-color: transparent; font-weight: 400; font-variant: normal; text-decoration: none; vertical-align: baseline; white-space: pre-wrap;\">(10min | 2020 | Debacle Films | Toluca\/M\u00e9xico | legendas em portugu\u00eas) * &#8220;<\/span><\/em><span style=\"font-size: 11pt; font-family: Arial; color: #000000; background-color: transparent; font-weight: 400; font-variant: normal; text-decoration: none; vertical-align: baseline; white-space: pre-wrap;\">A nova onda verde do feminismo, repleta de dizeres imut\u00e1veis e inabal\u00e1veis em sua luta, com a qual o mundo n\u00e3o se transforma se n\u00e3o seja atrav\u00e9s de ideologias mais profundas.<\/span><span style=\"font-size: 11pt; font-family: Arial; color: #000000; background-color: transparent; font-weight: 400; font-variant: normal; text-decoration: none; vertical-align: baseline; white-space: pre-wrap;\"> O enfrentamento entre ideias opostas que ocorre no mundo causa problemas sociais que demandam solu\u00e7\u00f5es urgentes. Uma olhada para o interior desta luta social fortalece e reestabelece as ideias e a\u00e7\u00f5es para torn\u00e1-la uma revolu\u00e7\u00e3o onde todes possamos dan\u00e7ar.&#8221; <\/span><\/p><p dir=\"ltr\" style=\"line-height: 1.38; margin-top: 0pt; margin-bottom: 0pt;\">\u00a0<\/p><p dir=\"ltr\" style=\"line-height: 1.38; margin-top: 0pt; margin-bottom: 0pt;\"><span style=\"font-size: 11pt; font-family: Arial; color: #000000; background-color: transparent; font-weight: 400; font-style: normal; font-variant: normal; text-decoration: none; vertical-align: baseline; white-space: pre-wrap;\"><em>ENTREVISTA<\/em> | com<strong> Julia Ostertag<\/strong> (Alemanha)<\/span><\/p><p dir=\"ltr\" style=\"line-height: 1.38; margin-top: 0pt; margin-bottom: 0pt;\">\u00a0<\/p><p dir=\"ltr\" style=\"line-height: 1.38; margin-top: 0pt; margin-bottom: 0pt;\"><span style=\"font-size: 11pt; font-family: Arial; color: #000000; background-color: transparent; font-weight: 400; font-style: normal; font-variant: normal; text-decoration: none; vertical-align: baseline; white-space: pre-wrap;\">21hs | <strong>ESTREIA<\/strong> | <strong>Ejacula\u00e7\u00e3o Feminina e Outros Mist\u00e9rios do Universo <\/strong><\/span><em><span style=\"font-size: 11pt; font-family: Arial; color: #000000; background-color: transparent; font-weight: 400; font-variant: normal; text-decoration: none; vertical-align: baseline; white-space: pre-wrap;\">(60min | 2020 | Julia Ostertag | Alemanha | legendas em portugu\u00eas) * <\/span><\/em><span style=\"font-size: 11pt; font-family: Arial; color: #000000; background-color: transparent; font-weight: 400; font-variant: normal; text-decoration: none; vertical-align: baseline; white-space: pre-wrap;\">Em seu novo document\u00e1rio, Julia Ostertag partiu em uma jornada buscando experi\u00eancias diversas sobre a ejacula\u00e7\u00e3o feminina e como mulheres de diversas partes foram come\u00e7ando a expor sua exist\u00eancia em escritos, v\u00eddeos, oficinas pr\u00e1ticas, performances e projetos coletivos. Contrariando toda a medicina ocidental que nos vem negando o conhecimento sobre nossos pr\u00f3prios corpos, este lindo document\u00e1rio nos fala de prazer, auto-conhecimento, e autonomia.\u00a0<\/span><\/p>\t\t\t\t\t\t\t\t<\/div>\n\t\t\t\t<\/div>\n\t\t\t\t\t<\/div>\n\t\t<\/div>\n\t\t\t\t\t<\/div>\n\t\t<\/section>\n\t\t\t\t<section class=\"elementor-section elementor-top-section elementor-element elementor-element-0cf1f37 elementor-section-boxed elementor-section-height-default elementor-section-height-default\" data-id=\"0cf1f37\" data-element_type=\"section\" data-e-type=\"section\">\n\t\t\t\t\t\t<div class=\"elementor-container elementor-column-gap-default\">\n\t\t\t\t\t<div class=\"elementor-column elementor-col-100 elementor-top-column elementor-element elementor-element-4ab9a66\" data-id=\"4ab9a66\" data-element_type=\"column\" data-e-type=\"column\">\n\t\t\t<div class=\"elementor-widget-wrap elementor-element-populated\">\n\t\t\t\t\t\t<div class=\"elementor-element elementor-element-af6f8bd elementor-arrows-position-inside elementor-pagination-position-outside elementor-widget elementor-widget-image-carousel\" data-id=\"af6f8bd\" data-element_type=\"widget\" data-e-type=\"widget\" data-settings=\"{&quot;navigation&quot;:&quot;both&quot;,&quot;autoplay&quot;:&quot;yes&quot;,&quot;pause_on_hover&quot;:&quot;yes&quot;,&quot;pause_on_interaction&quot;:&quot;yes&quot;,&quot;autoplay_speed&quot;:5000,&quot;infinite&quot;:&quot;yes&quot;,&quot;speed&quot;:500}\" data-widget_type=\"image-carousel.default\">\n\t\t\t\t<div class=\"elementor-widget-container\">\n\t\t\t\t\t\t\t<div class=\"elementor-image-carousel-wrapper swiper\" role=\"region\" aria-roledescription=\"carousel\" aria-label=\"Carrossel de imagens\" dir=\"ltr\">\n\t\t\t<div class=\"elementor-image-carousel swiper-wrapper\" aria-live=\"off\">\n\t\t\t\t\t\t\t\t<div class=\"swiper-slide\" role=\"group\" aria-roledescription=\"slide\" aria-label=\"1 de 4\"><figure class=\"swiper-slide-inner\"><img decoding=\"async\" class=\"swiper-slide-image\" src=\"https:\/\/anarcopunk.org\/festival\/wp-content\/uploads\/2020\/11\/Cartel-2-150x150.jpg\" alt=\"Cartel (2)\" \/><\/figure><\/div><div class=\"swiper-slide\" role=\"group\" aria-roledescription=\"slide\" aria-label=\"2 de 4\"><figure class=\"swiper-slide-inner\"><img decoding=\"async\" class=\"swiper-slide-image\" src=\"https:\/\/anarcopunk.org\/festival\/wp-content\/uploads\/2020\/11\/PROPA-1-150x150.jpg\" alt=\"PROPA\" \/><\/figure><\/div><div class=\"swiper-slide\" role=\"group\" aria-roledescription=\"slide\" aria-label=\"3 de 4\"><figure class=\"swiper-slide-inner\"><img decoding=\"async\" class=\"swiper-slide-image\" src=\"https:\/\/anarcopunk.org\/festival\/wp-content\/uploads\/2020\/11\/nuclear-frost-150x150.jpg\" alt=\"nuclear frost\" \/><\/figure><\/div><div class=\"swiper-slide\" role=\"group\" aria-roledescription=\"slide\" aria-label=\"4 de 4\"><figure class=\"swiper-slide-inner\"><img decoding=\"async\" class=\"swiper-slide-image\" src=\"https:\/\/anarcopunk.org\/festival\/wp-content\/uploads\/2020\/11\/entrevistas-geral-150x150.jpg\" alt=\"entrevistas geral\" \/><\/figure><\/div>\t\t\t<\/div>\n\t\t\t\t\t\t\t\t\t\t\t\t<div class=\"elementor-swiper-button elementor-swiper-button-prev\" role=\"button\" tabindex=\"0\">\n\t\t\t\t\t\t<i aria-hidden=\"true\" class=\"eicon-chevron-left\"><\/i>\t\t\t\t\t<\/div>\n\t\t\t\t\t<div class=\"elementor-swiper-button elementor-swiper-button-next\" role=\"button\" tabindex=\"0\">\n\t\t\t\t\t\t<i aria-hidden=\"true\" class=\"eicon-chevron-right\"><\/i>\t\t\t\t\t<\/div>\n\t\t\t\t\n\t\t\t\t\t\t\t\t\t<div class=\"swiper-pagination\"><\/div>\n\t\t\t\t\t\t\t\t\t<\/div>\n\t\t\t\t\t\t<\/div>\n\t\t\t\t<\/div>\n\t\t\t\t\t<\/div>\n\t\t<\/div>\n\t\t\t\t\t<\/div>\n\t\t<\/section>\n\t\t\t\t<section class=\"elementor-section elementor-top-section elementor-element elementor-element-b629111 elementor-section-boxed elementor-section-height-default elementor-section-height-default\" data-id=\"b629111\" data-element_type=\"section\" data-e-type=\"section\">\n\t\t\t\t\t\t<div class=\"elementor-container elementor-column-gap-default\">\n\t\t\t\t\t<div class=\"elementor-column elementor-col-100 elementor-top-column elementor-element elementor-element-93f2cc7\" data-id=\"93f2cc7\" data-element_type=\"column\" data-e-type=\"column\">\n\t\t\t<div class=\"elementor-widget-wrap elementor-element-populated\">\n\t\t\t\t\t\t<div class=\"elementor-element elementor-element-2828541 elementor-widget elementor-widget-text-editor\" data-id=\"2828541\" data-element_type=\"widget\" data-e-type=\"widget\" data-widget_type=\"text-editor.default\">\n\t\t\t\t<div class=\"elementor-widget-container\">\n\t\t\t\t\t\t\t\t\t<p dir=\"ltr\" style=\"line-height: 1.38; margin-top: 0pt; margin-bottom: 0pt;\"><span style=\"font-size: 11pt; font-family: Arial; color: #000000; background-color: transparent; font-weight: 400; font-style: normal; font-variant: normal; text-decoration: none; vertical-align: baseline; white-space: pre-wrap;\">4\/dez sexta * <strong>NOSSA HIST\u00d3RIA POR N\u00d3S MESMXS!<\/strong> \/\/ das 19hs-22hs<\/span><\/p>\n<p dir=\"ltr\" style=\"line-height: 1.38; margin-top: 0pt; margin-bottom: 0pt; text-align: center;\"><span style=\"font-size: 11pt; font-family: Arial; color: #000000; background-color: transparent; font-weight: 400; font-style: normal; font-variant: normal; text-decoration: none; vertical-align: baseline; white-space: pre-wrap;\">* * *<\/span><\/p>\n<p dir=\"ltr\" style=\"line-height: 1.38; margin-top: 0pt; margin-bottom: 0pt;\"><span style=\"font-size: 11pt; font-family: Arial; color: #000000; background-color: transparent; font-weight: 400; font-style: normal; font-variant: normal; text-decoration: none; vertical-align: baseline; white-space: pre-wrap;\">19hs | <em>ABERTURA<\/em><\/span><\/p>\n<ul>\n<li dir=\"ltr\" style=\"line-height: 1.38;\"><span style=\"font-size: 11pt; font-family: Arial; color: #000000; background-color: transparent; font-weight: 400; font-style: normal; font-variant: normal; text-decoration: none; vertical-align: baseline; white-space: pre-wrap;\"><strong>EL FUEGO Y LA PALABRA<\/strong> <em>(Anarcorap &#8211; Argentina)<\/em><\/span><\/li>\n<\/ul>\n<p dir=\"ltr\" style=\"line-height: 1.38; margin-top: 0pt; margin-bottom: 0pt;\"><span style=\"font-size: 11pt; font-family: Arial; color: #000000; background-color: transparent; font-weight: 400; font-style: normal; font-variant: normal; text-decoration: none; vertical-align: baseline; white-space: pre-wrap;\"><em>ENTREVISTA<\/em> | <strong>Cine Sin Reflectores<\/strong> <em>(Quer\u00e9taro\/M\u00e9xico)<\/em> <\/span><\/p>\n<p dir=\"ltr\" style=\"line-height: 1.38; margin-top: 0pt; margin-bottom: 0pt;\">\u00a0<\/p>\n<p dir=\"ltr\" style=\"line-height: 1.38; margin-top: 0pt; margin-bottom: 0pt;\"><span style=\"font-size: 11pt; font-family: Arial; color: #000000; background-color: transparent; font-weight: 400; font-style: normal; font-variant: normal; text-decoration: none; vertical-align: baseline; white-space: pre-wrap;\"><em>FILMES<\/em> | <\/span><\/p>\n<ul>\n<li dir=\"ltr\" style=\"line-height: 1.38;\"><span style=\"font-size: 11pt; font-family: Arial; color: #000000; background-color: transparent; font-weight: 400; font-style: normal; font-variant: normal; text-decoration: none; vertical-align: baseline; white-space: pre-wrap;\"><strong>Squat Toren <\/strong>com apresenta\u00e7\u00e3o de <strong>Morto Knup <\/strong><\/span><em><span style=\"font-size: 11pt; font-family: Arial; color: #000000; background-color: transparent; font-weight: 400; font-variant: normal; text-decoration: none; vertical-align: baseline; white-space: pre-wrap;\">(38min. | 2012 | Squat Toren | Fortaleza\/CE) <\/span><span style=\"font-size: 11pt; font-family: Arial; color: #000000; background-color: transparent; font-weight: 400; font-variant: normal; text-decoration: none; vertical-align: baseline; white-space: pre-wrap;\">* <\/span><\/em><span style=\"font-size: 11pt; font-family: Arial; color: #000000; background-color: transparent; font-weight: 400; font-variant: normal; text-decoration: none; vertical-align: baseline; white-space: pre-wrap;\">Durante dois anos uma f\u00e1brica abandonada foi okupada em Fortaleza\/CE, criando uma viv\u00eancia de ocupa\u00e7\u00e3o an\u00e1rquica na cidade bastante significativa. Esse document\u00e1rio traz algumas das imagens feitas durante e depois da ocupa\u00e7\u00e3o, al\u00e9m de depoimentos de pessoas que ali viveram e\/ou a apoiaram.<\/span><\/li>\n<li dir=\"ltr\" style=\"line-height: 1.38;\"><span style=\"font-size: 11pt; font-family: Arial; color: #000000; background-color: transparent; font-weight: 400; font-style: normal; font-variant: normal; text-decoration: none; vertical-align: baseline; white-space: pre-wrap;\"><strong>Macehualopunks<\/strong> <em>(30min | 2019 | HeyWild | Veracruz\/M\u00e9xico | legendas em portugu\u00eas) * <\/em>A defesa da l\u00edngua n\u00e1huatl na comunidade de San Juan (Rafael Delgado) na entrada da Sierra de Zongolica no estado de Veracruz. Se faz presente atrav\u00e9s de jovens punks que com uma \u00e9tica anarquista est\u00e3o recuperando suas vidas, fazendo frente ao processo civilizat\u00f3rio que est\u00e1 acabando com a natureza e portanto, com a cultura macehual. Por meio da autogest\u00e3o, encontros e m\u00fasica, levam-nos a refletir sobre outras formas de luta que se d\u00e3o fora das grandes cidades.<\/span><\/li>\n<\/ul>\n<p dir=\"ltr\" style=\"line-height: 1.38; margin-top: 0pt; margin-bottom: 0pt;\"><span style=\"font-size: 11pt; font-family: Arial; color: #000000; background-color: transparent; font-weight: 400; font-style: normal; font-variant: normal; text-decoration: none; vertical-align: baseline; white-space: pre-wrap;\">21hs | <strong><em>CONVERSA AO VIVO<\/em><\/strong> | com<strong> Kevin e Rafa <\/strong>* realizadores e participantes de <strong>Macehualopunks<\/strong>, de <em>Veracruz\/M\u00e9xico<\/em><\/span><\/p>\t\t\t\t\t\t\t\t<\/div>\n\t\t\t\t<\/div>\n\t\t\t\t\t<\/div>\n\t\t<\/div>\n\t\t\t\t\t<\/div>\n\t\t<\/section>\n\t\t\t\t<section class=\"elementor-section elementor-top-section elementor-element elementor-element-f8aaae8 elementor-section-boxed elementor-section-height-default elementor-section-height-default\" data-id=\"f8aaae8\" data-element_type=\"section\" data-e-type=\"section\">\n\t\t\t\t\t\t<div class=\"elementor-container elementor-column-gap-default\">\n\t\t\t\t\t<div class=\"elementor-column elementor-col-100 elementor-top-column elementor-element elementor-element-5eed8f1\" data-id=\"5eed8f1\" data-element_type=\"column\" data-e-type=\"column\">\n\t\t\t<div class=\"elementor-widget-wrap elementor-element-populated\">\n\t\t\t\t\t\t<div class=\"elementor-element elementor-element-bd8a5e3 elementor-arrows-position-inside elementor-pagination-position-outside elementor-widget elementor-widget-image-carousel\" data-id=\"bd8a5e3\" data-element_type=\"widget\" data-e-type=\"widget\" data-settings=\"{&quot;navigation&quot;:&quot;both&quot;,&quot;autoplay&quot;:&quot;yes&quot;,&quot;pause_on_hover&quot;:&quot;yes&quot;,&quot;pause_on_interaction&quot;:&quot;yes&quot;,&quot;autoplay_speed&quot;:5000,&quot;infinite&quot;:&quot;yes&quot;,&quot;speed&quot;:500}\" data-widget_type=\"image-carousel.default\">\n\t\t\t\t<div class=\"elementor-widget-container\">\n\t\t\t\t\t\t\t<div class=\"elementor-image-carousel-wrapper swiper\" role=\"region\" aria-roledescription=\"carousel\" aria-label=\"Carrossel de imagens\" dir=\"ltr\">\n\t\t\t<div class=\"elementor-image-carousel swiper-wrapper\" aria-live=\"off\">\n\t\t\t\t\t\t\t\t<div class=\"swiper-slide\" role=\"group\" aria-roledescription=\"slide\" aria-label=\"1 de 4\"><figure class=\"swiper-slide-inner\"><img decoding=\"async\" class=\"swiper-slide-image\" src=\"https:\/\/anarcopunk.org\/festival\/wp-content\/uploads\/2020\/11\/el-fuego-150x150.jpg\" alt=\"el fuego\" \/><\/figure><\/div><div class=\"swiper-slide\" role=\"group\" aria-roledescription=\"slide\" aria-label=\"2 de 4\"><figure class=\"swiper-slide-inner\"><img decoding=\"async\" class=\"swiper-slide-image\" src=\"https:\/\/anarcopunk.org\/festival\/wp-content\/uploads\/2020\/11\/PROPA-2-150x150.jpg\" alt=\"PROPA\" \/><\/figure><\/div><div class=\"swiper-slide\" role=\"group\" aria-roledescription=\"slide\" aria-label=\"3 de 4\"><figure class=\"swiper-slide-inner\"><img decoding=\"async\" class=\"swiper-slide-image\" src=\"https:\/\/anarcopunk.org\/festival\/wp-content\/uploads\/2020\/11\/propa-3-150x150.jpg\" alt=\"propa\" \/><\/figure><\/div><div class=\"swiper-slide\" role=\"group\" aria-roledescription=\"slide\" aria-label=\"4 de 4\"><figure class=\"swiper-slide-inner\"><img decoding=\"async\" class=\"swiper-slide-image\" src=\"https:\/\/anarcopunk.org\/festival\/wp-content\/uploads\/2020\/11\/entrevistas-geral-150x150.jpg\" alt=\"entrevistas geral\" \/><\/figure><\/div>\t\t\t<\/div>\n\t\t\t\t\t\t\t\t\t\t\t\t<div class=\"elementor-swiper-button elementor-swiper-button-prev\" role=\"button\" tabindex=\"0\">\n\t\t\t\t\t\t<i aria-hidden=\"true\" class=\"eicon-chevron-left\"><\/i>\t\t\t\t\t<\/div>\n\t\t\t\t\t<div class=\"elementor-swiper-button elementor-swiper-button-next\" role=\"button\" tabindex=\"0\">\n\t\t\t\t\t\t<i aria-hidden=\"true\" class=\"eicon-chevron-right\"><\/i>\t\t\t\t\t<\/div>\n\t\t\t\t\n\t\t\t\t\t\t\t\t\t<div class=\"swiper-pagination\"><\/div>\n\t\t\t\t\t\t\t\t\t<\/div>\n\t\t\t\t\t\t<\/div>\n\t\t\t\t<\/div>\n\t\t\t\t\t<\/div>\n\t\t<\/div>\n\t\t\t\t\t<\/div>\n\t\t<\/section>\n\t\t\t\t<section class=\"elementor-section elementor-top-section elementor-element elementor-element-530e77e elementor-section-boxed elementor-section-height-default elementor-section-height-default\" data-id=\"530e77e\" data-element_type=\"section\" data-e-type=\"section\">\n\t\t\t\t\t\t<div class=\"elementor-container elementor-column-gap-default\">\n\t\t\t\t\t<div class=\"elementor-column elementor-col-100 elementor-top-column elementor-element elementor-element-779f33d\" data-id=\"779f33d\" data-element_type=\"column\" data-e-type=\"column\">\n\t\t\t<div class=\"elementor-widget-wrap elementor-element-populated\">\n\t\t\t\t\t\t<div class=\"elementor-element elementor-element-3059762 elementor-widget elementor-widget-text-editor\" data-id=\"3059762\" data-element_type=\"widget\" data-e-type=\"widget\" data-widget_type=\"text-editor.default\">\n\t\t\t\t<div class=\"elementor-widget-container\">\n\t\t\t\t\t\t\t\t\t<p dir=\"ltr\" style=\"line-height: 1.38; margin-top: 0pt; margin-bottom: 0pt;\"><span style=\"font-size: 11pt; font-family: Arial; color: #000000; background-color: transparent; font-weight: 400; font-style: normal; font-variant: normal; text-decoration: none; vertical-align: baseline; white-space: pre-wrap;\">5\/dez s\u00e1bado * <strong>REGISTROS FOTOGR\u00c1FICOS, OLHARES SUBVERSIVOS E A RUA<\/strong> \/\/ <\/span><span style=\"font-size: 11pt; font-family: Arial; color: #000000; background-color: transparent; font-weight: 400; font-style: normal; font-variant: normal; text-decoration: none; vertical-align: baseline; white-space: pre-wrap;\">das 14hs \u00e0s 18h30<\/span><\/p>\n<p dir=\"ltr\" style=\"line-height: 1.38; margin-top: 0pt; margin-bottom: 0pt; text-align: center;\"><span style=\"font-size: 11pt; font-family: Arial; color: #000000; background-color: transparent; font-weight: 400; font-style: normal; font-variant: normal; text-decoration: none; vertical-align: baseline; white-space: pre-wrap;\">* * *<\/span><\/p>\n<p dir=\"ltr\" style=\"line-height: 1.38; margin-top: 0pt; margin-bottom: 0pt;\"><span style=\"font-size: 11pt; font-family: Arial; color: #000000; background-color: transparent; font-weight: 400; font-style: normal; font-variant: normal; text-decoration: none; vertical-align: baseline; white-space: pre-wrap;\">14hs | <em>ABERTURA<\/em><\/span><\/p>\n<ul>\n<li dir=\"ltr\" style=\"line-height: 1.38;\"><span style=\"font-size: 11pt; font-family: Arial; color: #000000; background-color: transparent; font-weight: 400; font-style: normal; font-variant: normal; text-decoration: none; vertical-align: baseline; white-space: pre-wrap;\">SOM com <strong>RESISTENCIA PUGNAZ <\/strong><em>(SP)<\/em><\/span><\/li>\n<\/ul>\n<p dir=\"ltr\" style=\"line-height: 1.38; margin-top: 0pt; margin-bottom: 0pt;\"><span style=\"font-size: 11pt; font-family: Arial; color: #000000; background-color: transparent; font-weight: 400; font-style: normal; font-variant: normal; text-decoration: none; vertical-align: baseline; white-space: pre-wrap;\"><em>ENTREVISTA<\/em> | com <strong>Fl\u00e1vio Fabcine <\/strong><em>(SP)<\/em><\/span><\/p>\n<p dir=\"ltr\" style=\"line-height: 1.38; margin-top: 0pt; margin-bottom: 0pt;\">\u00a0<\/p>\n<p dir=\"ltr\" style=\"line-height: 1.38; margin-top: 0pt; margin-bottom: 0pt;\"><span style=\"font-size: 11pt; font-family: Arial; color: #000000; background-color: transparent; font-weight: 400; font-style: normal; font-variant: normal; text-decoration: none; vertical-align: baseline; white-space: pre-wrap;\">CAPSULAS | <strong>O OLHAR DAS MINAS NA FOTOGRAFIA<\/strong>, depoimentos de <strong>Bajul<\/strong> e <strong>Carol Doro <\/strong>sobre suas viv\u00eancias e olhares ao fazer registros na cena<\/span><\/p>\n<p dir=\"ltr\" style=\"line-height: 1.38; margin-top: 0pt; margin-bottom: 0pt;\">\u00a0<\/p>\n<p dir=\"ltr\" style=\"line-height: 1.38; margin-top: 0pt; margin-bottom: 0pt;\"><span style=\"font-size: 11pt; font-family: Arial; color: #000000; background-color: transparent; font-weight: 400; font-style: normal; font-variant: normal; text-decoration: none; vertical-align: baseline; white-space: pre-wrap;\">15hs |<strong> CONVERSA AO VIVO | MOVIMENTOS SOCIAIS NAS LENTES<\/strong>, com <strong>Elaine Campos<\/strong> e <strong>Anderson Barbosa * <\/strong><\/span><span style=\"font-size: 11pt; font-family: Arial; color: #000000; background-color: transparent; font-weight: 400; font-style: normal; font-variant: normal; text-decoration: none; vertical-align: baseline; white-space: pre-wrap;\">reflex\u00f5es sobre qual o olhar e o lugar da fotografia engajada na constru\u00e7\u00e3o da mem\u00f3ria e hist\u00f3ria dos movimentos sociais.<\/span><\/p>\n<p dir=\"ltr\" style=\"line-height: 1.38; margin-top: 0pt; margin-bottom: 0pt;\"><span style=\"font-weight: normal;\">\u00a0<\/span><\/p>\n<p dir=\"ltr\" style=\"line-height: 1.38; margin-top: 0pt; margin-bottom: 0pt;\"><span style=\"font-size: 11pt; font-family: Arial; color: #000000; background-color: transparent; font-weight: 400; font-style: normal; font-variant: normal; text-decoration: none; vertical-align: baseline; white-space: pre-wrap;\">16h30 | <em>FILME | <\/em><strong>El Despertar de la Revuelta: Piedra contra la Bala <\/strong> <em>(120min | 2020 | Felpa Prod | Chile | legendas em portugu\u00eas) * <\/em>Document\u00e1rio sobre a revolta social no territ\u00f3rio chamado de Chile. Este longa foi pensado em ser diferente do que foi publicado pelos meios de comunica\u00e7\u00e3o tradicionais em sua linha editorial. Busca contar a hist\u00f3ria de uma maneira mais pessoal atrav\u00e9s de testemunhos e contribui\u00e7\u00f5es audiovisuais da pr\u00f3pria comunidade.<em><br \/><\/em><\/span><\/p>\n<p dir=\"ltr\" style=\"line-height: 1.38; margin-top: 0pt; margin-bottom: 0pt;\">\u00a0<\/p>\t\t\t\t\t\t\t\t<\/div>\n\t\t\t\t<\/div>\n\t\t\t\t\t<\/div>\n\t\t<\/div>\n\t\t\t\t\t<\/div>\n\t\t<\/section>\n\t\t\t\t<section class=\"elementor-section elementor-top-section elementor-element elementor-element-71f3538 elementor-section-boxed elementor-section-height-default elementor-section-height-default\" data-id=\"71f3538\" data-element_type=\"section\" data-e-type=\"section\">\n\t\t\t\t\t\t<div class=\"elementor-container elementor-column-gap-default\">\n\t\t\t\t\t<div class=\"elementor-column elementor-col-100 elementor-top-column elementor-element elementor-element-d885b09\" data-id=\"d885b09\" data-element_type=\"column\" data-e-type=\"column\">\n\t\t\t<div class=\"elementor-widget-wrap elementor-element-populated\">\n\t\t\t\t\t\t<div class=\"elementor-element elementor-element-a8d73e0 elementor-arrows-position-inside elementor-pagination-position-outside elementor-widget elementor-widget-image-carousel\" data-id=\"a8d73e0\" data-element_type=\"widget\" data-e-type=\"widget\" data-settings=\"{&quot;navigation&quot;:&quot;both&quot;,&quot;autoplay&quot;:&quot;yes&quot;,&quot;pause_on_hover&quot;:&quot;yes&quot;,&quot;pause_on_interaction&quot;:&quot;yes&quot;,&quot;autoplay_speed&quot;:5000,&quot;infinite&quot;:&quot;yes&quot;,&quot;speed&quot;:500}\" data-widget_type=\"image-carousel.default\">\n\t\t\t\t<div class=\"elementor-widget-container\">\n\t\t\t\t\t\t\t<div class=\"elementor-image-carousel-wrapper swiper\" role=\"region\" aria-roledescription=\"carousel\" aria-label=\"Carrossel de imagens\" dir=\"ltr\">\n\t\t\t<div class=\"elementor-image-carousel swiper-wrapper\" aria-live=\"off\">\n\t\t\t\t\t\t\t\t<div class=\"swiper-slide\" role=\"group\" aria-roledescription=\"slide\" aria-label=\"1 de 5\"><figure class=\"swiper-slide-inner\"><img decoding=\"async\" class=\"swiper-slide-image\" src=\"https:\/\/anarcopunk.org\/festival\/wp-content\/uploads\/2020\/11\/download-150x150.jpg\" alt=\"download\" \/><\/figure><\/div><div class=\"swiper-slide\" role=\"group\" aria-roledescription=\"slide\" aria-label=\"2 de 5\"><figure class=\"swiper-slide-inner\"><img decoding=\"async\" class=\"swiper-slide-image\" src=\"https:\/\/anarcopunk.org\/festival\/wp-content\/uploads\/2020\/11\/fotografiaminas-150x150.jpg\" alt=\"fotografiaminas\" \/><\/figure><\/div><div class=\"swiper-slide\" role=\"group\" aria-roledescription=\"slide\" aria-label=\"3 de 5\"><figure class=\"swiper-slide-inner\"><img decoding=\"async\" class=\"swiper-slide-image\" src=\"https:\/\/anarcopunk.org\/festival\/wp-content\/uploads\/2020\/11\/fotografiamovimentos2-150x150.jpg\" alt=\"fotografiamovimentos2\" \/><\/figure><\/div><div class=\"swiper-slide\" role=\"group\" aria-roledescription=\"slide\" aria-label=\"4 de 5\"><figure class=\"swiper-slide-inner\"><img decoding=\"async\" class=\"swiper-slide-image\" src=\"https:\/\/anarcopunk.org\/festival\/wp-content\/uploads\/2020\/11\/resistenciapugnaz-150x150.jpg\" alt=\"resistenciapugnaz\" \/><\/figure><\/div><div class=\"swiper-slide\" role=\"group\" aria-roledescription=\"slide\" aria-label=\"5 de 5\"><figure class=\"swiper-slide-inner\"><img decoding=\"async\" class=\"swiper-slide-image\" src=\"https:\/\/anarcopunk.org\/festival\/wp-content\/uploads\/2020\/11\/entrevistas-geral-150x150.jpg\" alt=\"entrevistas geral\" \/><\/figure><\/div>\t\t\t<\/div>\n\t\t\t\t\t\t\t\t\t\t\t\t<div class=\"elementor-swiper-button elementor-swiper-button-prev\" role=\"button\" tabindex=\"0\">\n\t\t\t\t\t\t<i aria-hidden=\"true\" class=\"eicon-chevron-left\"><\/i>\t\t\t\t\t<\/div>\n\t\t\t\t\t<div class=\"elementor-swiper-button elementor-swiper-button-next\" role=\"button\" tabindex=\"0\">\n\t\t\t\t\t\t<i aria-hidden=\"true\" class=\"eicon-chevron-right\"><\/i>\t\t\t\t\t<\/div>\n\t\t\t\t\n\t\t\t\t\t\t\t\t\t<div class=\"swiper-pagination\"><\/div>\n\t\t\t\t\t\t\t\t\t<\/div>\n\t\t\t\t\t\t<\/div>\n\t\t\t\t<\/div>\n\t\t\t\t\t<\/div>\n\t\t<\/div>\n\t\t\t\t\t<\/div>\n\t\t<\/section>\n\t\t\t\t<section class=\"elementor-section elementor-top-section elementor-element elementor-element-380413b elementor-section-boxed elementor-section-height-default elementor-section-height-default\" data-id=\"380413b\" data-element_type=\"section\" data-e-type=\"section\">\n\t\t\t\t\t\t<div class=\"elementor-container elementor-column-gap-default\">\n\t\t\t\t\t<div class=\"elementor-column elementor-col-100 elementor-top-column elementor-element elementor-element-86638e9\" data-id=\"86638e9\" data-element_type=\"column\" data-e-type=\"column\">\n\t\t\t<div class=\"elementor-widget-wrap elementor-element-populated\">\n\t\t\t\t\t\t<div class=\"elementor-element elementor-element-d9e3e0c elementor-widget elementor-widget-text-editor\" data-id=\"d9e3e0c\" data-element_type=\"widget\" data-e-type=\"widget\" data-widget_type=\"text-editor.default\">\n\t\t\t\t<div class=\"elementor-widget-container\">\n\t\t\t\t\t\t\t\t\t<p dir=\"ltr\" style=\"line-height: 1.38; margin-top: 0pt; margin-bottom: 0pt;\"><span style=\"font-size: 11pt; font-family: Arial; color: #000000; background-color: transparent; font-weight: 400; font-style: normal; font-variant: normal; text-decoration: none; vertical-align: baseline; white-space: pre-wrap;\">6\/dez domingo * <strong>O FIM<\/strong> \/\/ 15hs \u00e0s 18hs <\/span><b style=\"font-weight: normal;\"><\/b><\/p>\n<p dir=\"ltr\" style=\"line-height: 1.38; margin-top: 0pt; margin-bottom: 0pt; text-align: center;\"><em><span style=\"font-size: 11pt; font-family: Arial; color: #000000; background-color: transparent; font-weight: 400; font-variant: normal; text-decoration: none; vertical-align: baseline; white-space: pre-wrap;\">* * *<\/span><\/em><\/p>\n<p dir=\"ltr\" style=\"line-height: 1.38; margin-top: 0pt; margin-bottom: 0pt;\"><span style=\"font-size: 11pt; font-family: Arial; color: #000000; background-color: transparent; font-weight: 400; font-style: normal; font-variant: normal; text-decoration: none; vertical-align: baseline; white-space: pre-wrap;\">15hs | ABERTURA<\/span><\/p>\n<p dir=\"ltr\" style=\"line-height: 1.38; margin-top: 0pt; margin-bottom: 0pt;\">\n<\/p><p dir=\"ltr\" style=\"line-height: 1.38; margin-top: 0pt; margin-bottom: 0pt;\"><span style=\"font-size: 11pt; font-family: Arial; color: #000000; background-color: transparent; font-weight: 400; font-style: normal; font-variant: normal; text-decoration: none; vertical-align: baseline; white-space: pre-wrap;\"><br><\/span><\/p><p dir=\"ltr\" style=\"line-height: 1.38; margin-top: 0pt; margin-bottom: 0pt;\"><span style=\"font-size: 11pt; font-family: Arial; color: #000000; background-color: transparent; font-weight: 400; font-style: normal; font-variant: normal; text-decoration: none; vertical-align: baseline; white-space: pre-wrap;\">OFICINA de <strong>ANIMA\u00c7\u00c3O STOP MOTION<\/strong> com <strong>Juliano Angelin * <\/strong>Baseando- se em conceitos b\u00e1sicos do cinema e da anima\u00e7\u00e3o, esta oficina apresenta uma t\u00e9cnica simples e barata de fazer anima\u00e7\u00e3o: o stop motion. Com esta t\u00e9cnica, a anima\u00e7\u00e3o pode ser feita apenas com um celular e alguns objetos, usando o aplicativo gratuito Stop Motion Studio.<\/span><\/p>\n<p dir=\"ltr\" style=\"line-height: 1.38; margin-top: 0pt; margin-bottom: 0pt;\">\n<\/p><p dir=\"ltr\" style=\"line-height: 1.38; margin-top: 0pt; margin-bottom: 0pt;\"><span style=\"font-size: 11pt; font-family: Arial; color: #000000; background-color: transparent; font-weight: 400; font-style: normal; font-variant: normal; text-decoration: none; vertical-align: baseline; white-space: pre-wrap;\"><em><br><\/em><\/span><\/p><p dir=\"ltr\" style=\"line-height: 1.38; margin-top: 0pt; margin-bottom: 0pt;\"><span style=\"font-size: 11pt; font-family: Arial; color: #000000; background-color: transparent; font-weight: 400; font-style: normal; font-variant: normal; text-decoration: none; vertical-align: baseline; white-space: pre-wrap;\"><em>ENTREVISTA<\/em> | com <strong>AMANTE DA HERESIA<\/strong> \/ projeto <strong>CIN&#8217;SURGENTE<\/strong> <em>(Bras\u00edlia\/DF)<\/em> <\/span><\/p>\n<p dir=\"ltr\" style=\"line-height: 1.38; margin-top: 0pt; margin-bottom: 0pt;\">\n<\/p><p dir=\"ltr\" style=\"line-height: 1.38; margin-top: 0pt; margin-bottom: 0pt;\"><span style=\"font-size: 11pt; font-family: Arial; color: #000000; background-color: transparent; font-weight: 400; font-style: normal; font-variant: normal; text-decoration: none; vertical-align: baseline; white-space: pre-wrap;\"><em>CURTA | <strong>ESTREIA<\/strong><\/em> | <strong>(Des)Live &#8211; um curt[A]forismo<\/strong> <em>(4min | Ciberpaj\u00e9 &amp; AmantE:|:da:|:HeresiA | 2020 | Goiania\/GO)<\/em> * Os r\u00f3tulos, como as necessidades, s\u00e3o sempre cad\u00e1veres, mas mortos-vivos! levantam-se da morte, para definir-se como niilismo! pois nos afunda na impot\u00eancia, nega qualquer gesto insubmisso, e instaura um mundo est\u00e1tico! sem movimentos!&nbsp;<\/span><\/p>\n<p dir=\"ltr\" style=\"line-height: 1.38; margin-top: 0pt; margin-bottom: 0pt;\">\n<\/p><p dir=\"ltr\" style=\"line-height: 1.38; margin-top: 0pt; margin-bottom: 0pt;\"><span style=\"font-size: 11pt; font-family: Arial; color: #000000; background-color: transparent; font-weight: 400; font-style: normal; font-variant: normal; text-decoration: none; vertical-align: baseline; white-space: pre-wrap;\"><em><br><\/em><\/span><\/p><p dir=\"ltr\" style=\"line-height: 1.38; margin-top: 0pt; margin-bottom: 0pt;\"><span style=\"font-size: 11pt; font-family: Arial; color: #000000; background-color: transparent; font-weight: 400; font-style: normal; font-variant: normal; text-decoration: none; vertical-align: baseline; white-space: pre-wrap;\"><em>16hs | ENTREVISTA<\/em> | com <strong>CLED PEREIRA<\/strong><em> (Bras\u00edlia\/DF)<\/em> <\/span><\/p>\n<p dir=\"ltr\" style=\"line-height: 1.38; margin-top: 0pt; margin-bottom: 0pt;\">\n<\/p><p dir=\"ltr\" style=\"line-height: 1.38; margin-top: 0pt; margin-bottom: 0pt;\"><span style=\"font-size: 11pt; font-family: Arial; color: #000000; background-color: transparent; font-weight: 400; font-style: normal; font-variant: normal; text-decoration: none; vertical-align: baseline; white-space: pre-wrap;\"><em><br><\/em><\/span><\/p><p dir=\"ltr\" style=\"line-height: 1.38; margin-top: 0pt; margin-bottom: 0pt;\"><span style=\"font-size: 11pt; font-family: Arial; color: #000000; background-color: transparent; font-weight: 400; font-style: normal; font-variant: normal; text-decoration: none; vertical-align: baseline; white-space: pre-wrap;\"><em>CURTAS<\/em> |<\/span><\/p>\n<ul>\n<li dir=\"ltr\" style=\"line-height: 1.38;\"><span style=\"font-size: 11pt; font-family: Arial; color: #000000; background-color: transparent; font-weight: 400; font-style: normal; font-variant: normal; text-decoration: none; vertical-align: baseline; white-space: pre-wrap;\"><strong>ESTREIA<\/strong> | <strong>290 Venenos<\/strong> \/\/ <em>(10min | 2020 | Petter Baiestorf\/ CineCaos) * <\/em>Em 2019 o governo brasileiro liberou 290 novos agrot\u00f3xicos em seu mercado interno. 18 deles s\u00e3o extremamente t\u00f3xicos. 290 Venenos faz um exerc\u00edcio de imagina\u00e7\u00e3o sobre o uso excessivo de subst\u00e2ncias venenosas em nossos alimentos, j\u00e1 que as libera\u00e7\u00f5es de agrot\u00f3xicos no Brasil tendem a aumentar.<\/span><\/li>\n<li dir=\"ltr\" style=\"line-height: 1.38;\"><span style=\"font-size: 11pt; font-family: Arial; color: #000000; background-color: transparent; font-weight: 400; font-style: normal; font-variant: normal; text-decoration: none; vertical-align: baseline; white-space: pre-wrap;\"><strong>Obscuridades<\/strong> <em>(5min | 2019 | Arte Subversivo Hakai Teki Ato | Mexico | legendas em portugu\u00eas) * <\/em>Anima\u00e7\u00e3o narrada e ilustrada por ARTE SUBVERSIVO HAKAI TEKI ATO, com um poema do anarquista Praxedis Guerrero. Realizado em territ\u00f3rio dominado pelo estado mexicano, esta anima\u00e7\u00e3o conta com ilustra\u00e7\u00f5es que tamb\u00e9m foram publicadas em formato fanzine.<\/span><\/li>\n<li dir=\"ltr\" style=\"line-height: 1.38;\"><span style=\"font-size: 11pt; font-family: Arial; color: rgb(0, 0, 0); background-color: transparent; font-style: normal; font-variant: normal; text-decoration: none; vertical-align: baseline; white-space: pre-wrap;\"><b>ESTREIA | Mecheros<\/b><\/span><span style=\"font-size: 11pt; font-family: Arial; color: #000000; background-color: transparent; font-weight: 400; font-style: normal; font-variant: normal; text-decoration: none; vertical-align: baseline; white-space: pre-wrap;\"> (3min | 2020 | Kaio e Ira Hiena | Mexico) * Dois anarkopunks decidem sair da cotidianidade de suas vidas e decidem se deixar seduzir pelo fogo e anarquia.<br><\/span><\/li>\n<\/ul>\n<p dir=\"ltr\" style=\"line-height: 1.38; margin-top: 0pt; margin-bottom: 0pt;\"><span style=\"font-size: 11pt; font-family: Arial; color: #000000; background-color: transparent; font-weight: 400; font-style: normal; font-variant: normal; text-decoration: none; vertical-align: baseline; white-space: pre-wrap;\">16h45 | LONGA | <strong>L\u00facio: Anarquista, assaltante, falsificador, mas sobretudo pedreiro <\/strong><\/span><em><span style=\"font-size: 11pt; font-family: Arial; color: #000000; background-color: transparent; font-weight: 400; font-variant: normal; text-decoration: none; vertical-align: baseline; white-space: pre-wrap;\">(93min. | 2007 | Aitor Arregi e Jos\u00e9 Mar\u00eda Goenaga | Espanha \u2013 legendas em portugu\u00eas) * <\/span><\/em><span style=\"font-size: 11pt; font-family: Arial; color: #000000; background-color: transparent; font-weight: 400; font-variant: normal; text-decoration: none; vertical-align: baseline; white-space: pre-wrap;\">Este longa-metragem trata da vida do pedreiro e militante anarquista Lucio Urtubia, que durante d\u00e9cadas de diversas a\u00e7\u00f5es contra o sistema capitalista, dentre as quais a que causou um preju\u00edzo de dezenas de milh\u00f5es de d\u00f3lares ao The First National City Bank of New York (atual Citibank), com os quais apoiou causas anarquistas por todo o mundo.<\/span><\/p>\n<p dir=\"ltr\" style=\"line-height: 1.38; margin-top: 0pt; margin-bottom: 0pt;\">\n<\/p><p dir=\"ltr\" style=\"line-height: 1.38; margin-top: 0pt; margin-bottom: 0pt;\"><span style=\"font-size: 11pt; font-family: Arial; color: #000000; background-color: transparent; font-weight: 400; font-style: normal; font-variant: normal; text-decoration: none; vertical-align: baseline; white-space: pre-wrap;\">18hs | <strong>ENCERRAMENTO<\/strong><\/span><\/p>\n<ul>\n<li dir=\"ltr\" style=\"line-height: 1.38;\"><span style=\"font-size: 11pt; font-family: Arial; color: #000000; background-color: transparent; font-weight: 400; font-style: normal; font-variant: normal; text-decoration: none; vertical-align: baseline; white-space: pre-wrap;\">algumas palavras finais, por <strong>Festival do Filme Anarquista e Punk de SP<\/strong><\/span><\/li>\n<li dir=\"ltr\" style=\"line-height: 1.38;\"><span style=\"font-size: 11pt; font-family: Arial; color: #000000; background-color: transparent; font-weight: 400; font-style: normal; font-variant: normal; text-decoration: none; vertical-align: baseline; white-space: pre-wrap;\">ru\u00eddos finais, com a banda <strong>DISCARGA VIOLENTA<\/strong> (Natal\/RN)<\/span><\/li>\n<\/ul>\t\t\t\t\t\t\t\t<\/div>\n\t\t\t\t<\/div>\n\t\t\t\t\t<\/div>\n\t\t<\/div>\n\t\t\t\t\t<\/div>\n\t\t<\/section>\n\t\t\t\t<section class=\"elementor-section elementor-top-section elementor-element elementor-element-c484d18 elementor-section-boxed elementor-section-height-default elementor-section-height-default\" data-id=\"c484d18\" data-element_type=\"section\" data-e-type=\"section\">\n\t\t\t\t\t\t<div class=\"elementor-container elementor-column-gap-default\">\n\t\t\t\t\t<div class=\"elementor-column elementor-col-100 elementor-top-column elementor-element elementor-element-49e4f82\" data-id=\"49e4f82\" data-element_type=\"column\" data-e-type=\"column\">\n\t\t\t<div class=\"elementor-widget-wrap elementor-element-populated\">\n\t\t\t\t\t\t<div class=\"elementor-element elementor-element-a9307e4 elementor-arrows-position-inside elementor-pagination-position-outside elementor-widget elementor-widget-image-carousel\" data-id=\"a9307e4\" data-element_type=\"widget\" data-e-type=\"widget\" data-settings=\"{&quot;navigation&quot;:&quot;both&quot;,&quot;autoplay&quot;:&quot;yes&quot;,&quot;pause_on_hover&quot;:&quot;yes&quot;,&quot;pause_on_interaction&quot;:&quot;yes&quot;,&quot;autoplay_speed&quot;:5000,&quot;infinite&quot;:&quot;yes&quot;,&quot;speed&quot;:500}\" data-widget_type=\"image-carousel.default\">\n\t\t\t\t<div class=\"elementor-widget-container\">\n\t\t\t\t\t\t\t<div class=\"elementor-image-carousel-wrapper swiper\" role=\"region\" aria-roledescription=\"carousel\" aria-label=\"Carrossel de imagens\" dir=\"ltr\">\n\t\t\t<div class=\"elementor-image-carousel swiper-wrapper\" aria-live=\"off\">\n\t\t\t\t\t\t\t\t<div class=\"swiper-slide\" role=\"group\" aria-roledescription=\"slide\" aria-label=\"1 de 6\"><figure class=\"swiper-slide-inner\"><img decoding=\"async\" class=\"swiper-slide-image\" src=\"https:\/\/anarcopunk.org\/festival\/wp-content\/uploads\/2020\/11\/discarga-violenta-150x150.jpg\" alt=\"discarga violenta\" \/><\/figure><\/div><div class=\"swiper-slide\" role=\"group\" aria-roledescription=\"slide\" aria-label=\"2 de 6\"><figure class=\"swiper-slide-inner\"><img decoding=\"async\" class=\"swiper-slide-image\" src=\"https:\/\/anarcopunk.org\/festival\/wp-content\/uploads\/2020\/11\/propa-4-150x150.jpg\" alt=\"propa\" \/><\/figure><\/div><div class=\"swiper-slide\" role=\"group\" aria-roledescription=\"slide\" aria-label=\"3 de 6\"><figure class=\"swiper-slide-inner\"><img decoding=\"async\" class=\"swiper-slide-image\" src=\"https:\/\/anarcopunk.org\/festival\/wp-content\/uploads\/2020\/11\/DesLive-2020-150x150.png\" alt=\"[Des]Live (2020)\" \/><\/figure><\/div><div class=\"swiper-slide\" role=\"group\" aria-roledescription=\"slide\" aria-label=\"4 de 6\"><figure class=\"swiper-slide-inner\"><img decoding=\"async\" class=\"swiper-slide-image\" src=\"https:\/\/anarcopunk.org\/festival\/wp-content\/uploads\/2020\/11\/290-Venenos-Poster-Opcional-1-150x150.jpg\" alt=\"290 Venenos - Poster Opcional 1\" \/><\/figure><\/div><div class=\"swiper-slide\" role=\"group\" aria-roledescription=\"slide\" aria-label=\"5 de 6\"><figure class=\"swiper-slide-inner\"><img decoding=\"async\" class=\"swiper-slide-image\" src=\"https:\/\/anarcopunk.org\/festival\/wp-content\/uploads\/2020\/11\/LucioUrtubia-2-150x150.jpg\" alt=\"LucioUrtubia-2\" \/><\/figure><\/div><div class=\"swiper-slide\" role=\"group\" aria-roledescription=\"slide\" aria-label=\"6 de 6\"><figure class=\"swiper-slide-inner\"><img decoding=\"async\" class=\"swiper-slide-image\" src=\"https:\/\/anarcopunk.org\/festival\/wp-content\/uploads\/2020\/11\/entrevistas-geral-150x150.jpg\" alt=\"entrevistas geral\" \/><\/figure><\/div>\t\t\t<\/div>\n\t\t\t\t\t\t\t\t\t\t\t\t<div class=\"elementor-swiper-button elementor-swiper-button-prev\" role=\"button\" tabindex=\"0\">\n\t\t\t\t\t\t<i aria-hidden=\"true\" class=\"eicon-chevron-left\"><\/i>\t\t\t\t\t<\/div>\n\t\t\t\t\t<div class=\"elementor-swiper-button elementor-swiper-button-next\" role=\"button\" tabindex=\"0\">\n\t\t\t\t\t\t<i aria-hidden=\"true\" class=\"eicon-chevron-right\"><\/i>\t\t\t\t\t<\/div>\n\t\t\t\t\n\t\t\t\t\t\t\t\t\t<div class=\"swiper-pagination\"><\/div>\n\t\t\t\t\t\t\t\t\t<\/div>\n\t\t\t\t\t\t<\/div>\n\t\t\t\t<\/div>\n\t\t\t\t\t<\/div>\n\t\t<\/div>\n\t\t\t\t\t<\/div>\n\t\t<\/section>\n\t\t\t\t<\/div>\n\t\t","protected":false},"excerpt":{"rendered":"<p>De 1 a 6 de dezembro \/\/ Edi\u00e7\u00e3o Online \u00a0 1\/dez ter\u00e7a * FESTIVAIS DE FILME ANARQUISTA \/\/\/ das 20hs \u00e0s 22hs * * * 20hs || ABERTURA Apresenta\u00e7\u00e3o de fantoches com TITERES ACRATAS (Argentina) SOM | LOUKANIKO Y LXS PERRXS (Folk Punk \/ M\u00e9xico) Algumas palavras iniciais, por coletivo organizador FILME | estr\u00e9ia &#8211; <a class=\"more-link\" href=\"https:\/\/anarcopunk.org\/festival\/programacao-2020\/\">Leia mais&#8230; &raquo;<\/a><\/p>\n","protected":false},"author":1,"featured_media":0,"parent":0,"menu_order":0,"comment_status":"closed","ping_status":"closed","template":"","meta":{"_acf_changed":false,"footnotes":""},"class_list":["post-497","page","type-page","status-publish","hentry"],"acf":[],"yoast_head":"<!-- This site is optimized with the Yoast SEO plugin v27.5 - https:\/\/yoast.com\/product\/yoast-seo-wordpress\/ -->\n<title>PROGRAMA\u00c7\u00c3O 2020 - Festival do Filme Anarquista e Punk de SP<\/title>\n<meta name=\"robots\" content=\"index, follow, max-snippet:-1, max-image-preview:large, max-video-preview:-1\" \/>\n<link rel=\"canonical\" href=\"https:\/\/anarcopunk.org\/festival\/programacao-2020\/\" \/>\n<meta property=\"og:locale\" content=\"pt_BR\" \/>\n<meta property=\"og:type\" content=\"article\" \/>\n<meta property=\"og:title\" content=\"PROGRAMA\u00c7\u00c3O 2020 - Festival do Filme Anarquista e Punk de SP\" \/>\n<meta property=\"og:description\" content=\"De 1 a 6 de dezembro \/\/ Edi\u00e7\u00e3o Online \u00a0 1\/dez ter\u00e7a * FESTIVAIS DE FILME ANARQUISTA \/\/\/ das 20hs \u00e0s 22hs * * * 20hs || ABERTURA Apresenta\u00e7\u00e3o de fantoches com TITERES ACRATAS (Argentina) SOM | LOUKANIKO Y LXS PERRXS (Folk Punk \/ M\u00e9xico) Algumas palavras iniciais, por coletivo organizador FILME | estr\u00e9ia &#8211; Leia mais... &raquo;\" \/>\n<meta property=\"og:url\" content=\"https:\/\/anarcopunk.org\/festival\/programacao-2020\/\" \/>\n<meta property=\"og:site_name\" content=\"Festival do Filme Anarquista e Punk de SP\" \/>\n<meta property=\"article:modified_time\" content=\"2024-11-04T23:22:30+00:00\" \/>\n<meta property=\"og:image\" content=\"https:\/\/anarcopunk.org\/festival\/wp-content\/uploads\/2020\/10\/cartaz-scaled-e1605745463566.jpg\" \/>\n\t<meta property=\"og:image:width\" content=\"700\" \/>\n\t<meta property=\"og:image:height\" content=\"990\" \/>\n\t<meta property=\"og:image:type\" content=\"image\/jpeg\" \/>\n<meta name=\"twitter:card\" content=\"summary_large_image\" \/>\n<meta name=\"twitter:label1\" content=\"Est. tempo de leitura\" \/>\n\t<meta name=\"twitter:data1\" content=\"21 minutos\" \/>\n<script type=\"application\/ld+json\" class=\"yoast-schema-graph\">{\"@context\":\"https:\\\/\\\/schema.org\",\"@graph\":[{\"@type\":\"WebPage\",\"@id\":\"https:\\\/\\\/anarcopunk.org\\\/festival\\\/programacao-2020\\\/\",\"url\":\"https:\\\/\\\/anarcopunk.org\\\/festival\\\/programacao-2020\\\/\",\"name\":\"PROGRAMA\u00c7\u00c3O 2020 - Festival do Filme Anarquista e Punk de SP\",\"isPartOf\":{\"@id\":\"https:\\\/\\\/anarcopunk.org\\\/festival\\\/#website\"},\"primaryImageOfPage\":{\"@id\":\"https:\\\/\\\/anarcopunk.org\\\/festival\\\/programacao-2020\\\/#primaryimage\"},\"image\":{\"@id\":\"https:\\\/\\\/anarcopunk.org\\\/festival\\\/programacao-2020\\\/#primaryimage\"},\"thumbnailUrl\":\"https:\\\/\\\/anarcopunk.org\\\/festival\\\/wp-content\\\/uploads\\\/2020\\\/10\\\/cartaz-212x300.jpg\",\"datePublished\":\"2020-11-19T03:51:46+00:00\",\"dateModified\":\"2024-11-04T23:22:30+00:00\",\"breadcrumb\":{\"@id\":\"https:\\\/\\\/anarcopunk.org\\\/festival\\\/programacao-2020\\\/#breadcrumb\"},\"inLanguage\":\"pt-BR\",\"potentialAction\":[{\"@type\":\"ReadAction\",\"target\":[\"https:\\\/\\\/anarcopunk.org\\\/festival\\\/programacao-2020\\\/\"]}]},{\"@type\":\"ImageObject\",\"inLanguage\":\"pt-BR\",\"@id\":\"https:\\\/\\\/anarcopunk.org\\\/festival\\\/programacao-2020\\\/#primaryimage\",\"url\":\"https:\\\/\\\/anarcopunk.org\\\/festival\\\/wp-content\\\/uploads\\\/2020\\\/10\\\/cartaz-212x300.jpg\",\"contentUrl\":\"https:\\\/\\\/anarcopunk.org\\\/festival\\\/wp-content\\\/uploads\\\/2020\\\/10\\\/cartaz-212x300.jpg\"},{\"@type\":\"BreadcrumbList\",\"@id\":\"https:\\\/\\\/anarcopunk.org\\\/festival\\\/programacao-2020\\\/#breadcrumb\",\"itemListElement\":[{\"@type\":\"ListItem\",\"position\":1,\"name\":\"Home\",\"item\":\"https:\\\/\\\/anarcopunk.org\\\/festival\\\/\"},{\"@type\":\"ListItem\",\"position\":2,\"name\":\"PROGRAMA\u00c7\u00c3O 2020\"}]},{\"@type\":\"WebSite\",\"@id\":\"https:\\\/\\\/anarcopunk.org\\\/festival\\\/#website\",\"url\":\"https:\\\/\\\/anarcopunk.org\\\/festival\\\/\",\"name\":\"Festival do Filme Anarquista e Punk de SP\",\"description\":\"\",\"potentialAction\":[{\"@type\":\"SearchAction\",\"target\":{\"@type\":\"EntryPoint\",\"urlTemplate\":\"https:\\\/\\\/anarcopunk.org\\\/festival\\\/?s={search_term_string}\"},\"query-input\":{\"@type\":\"PropertyValueSpecification\",\"valueRequired\":true,\"valueName\":\"search_term_string\"}}],\"inLanguage\":\"pt-BR\"}]}<\/script>\n<!-- \/ Yoast SEO plugin. -->","yoast_head_json":{"title":"PROGRAMA\u00c7\u00c3O 2020 - Festival do Filme Anarquista e Punk de SP","robots":{"index":"index","follow":"follow","max-snippet":"max-snippet:-1","max-image-preview":"max-image-preview:large","max-video-preview":"max-video-preview:-1"},"canonical":"https:\/\/anarcopunk.org\/festival\/programacao-2020\/","og_locale":"pt_BR","og_type":"article","og_title":"PROGRAMA\u00c7\u00c3O 2020 - Festival do Filme Anarquista e Punk de SP","og_description":"De 1 a 6 de dezembro \/\/ Edi\u00e7\u00e3o Online \u00a0 1\/dez ter\u00e7a * FESTIVAIS DE FILME ANARQUISTA \/\/\/ das 20hs \u00e0s 22hs * * * 20hs || ABERTURA Apresenta\u00e7\u00e3o de fantoches com TITERES ACRATAS (Argentina) SOM | LOUKANIKO Y LXS PERRXS (Folk Punk \/ M\u00e9xico) Algumas palavras iniciais, por coletivo organizador FILME | estr\u00e9ia &#8211; Leia mais... &raquo;","og_url":"https:\/\/anarcopunk.org\/festival\/programacao-2020\/","og_site_name":"Festival do Filme Anarquista e Punk de SP","article_modified_time":"2024-11-04T23:22:30+00:00","og_image":[{"width":700,"height":990,"url":"https:\/\/anarcopunk.org\/festival\/wp-content\/uploads\/2020\/10\/cartaz-scaled-e1605745463566.jpg","type":"image\/jpeg"}],"twitter_card":"summary_large_image","twitter_misc":{"Est. tempo de leitura":"21 minutos"},"schema":{"@context":"https:\/\/schema.org","@graph":[{"@type":"WebPage","@id":"https:\/\/anarcopunk.org\/festival\/programacao-2020\/","url":"https:\/\/anarcopunk.org\/festival\/programacao-2020\/","name":"PROGRAMA\u00c7\u00c3O 2020 - Festival do Filme Anarquista e Punk de SP","isPartOf":{"@id":"https:\/\/anarcopunk.org\/festival\/#website"},"primaryImageOfPage":{"@id":"https:\/\/anarcopunk.org\/festival\/programacao-2020\/#primaryimage"},"image":{"@id":"https:\/\/anarcopunk.org\/festival\/programacao-2020\/#primaryimage"},"thumbnailUrl":"https:\/\/anarcopunk.org\/festival\/wp-content\/uploads\/2020\/10\/cartaz-212x300.jpg","datePublished":"2020-11-19T03:51:46+00:00","dateModified":"2024-11-04T23:22:30+00:00","breadcrumb":{"@id":"https:\/\/anarcopunk.org\/festival\/programacao-2020\/#breadcrumb"},"inLanguage":"pt-BR","potentialAction":[{"@type":"ReadAction","target":["https:\/\/anarcopunk.org\/festival\/programacao-2020\/"]}]},{"@type":"ImageObject","inLanguage":"pt-BR","@id":"https:\/\/anarcopunk.org\/festival\/programacao-2020\/#primaryimage","url":"https:\/\/anarcopunk.org\/festival\/wp-content\/uploads\/2020\/10\/cartaz-212x300.jpg","contentUrl":"https:\/\/anarcopunk.org\/festival\/wp-content\/uploads\/2020\/10\/cartaz-212x300.jpg"},{"@type":"BreadcrumbList","@id":"https:\/\/anarcopunk.org\/festival\/programacao-2020\/#breadcrumb","itemListElement":[{"@type":"ListItem","position":1,"name":"Home","item":"https:\/\/anarcopunk.org\/festival\/"},{"@type":"ListItem","position":2,"name":"PROGRAMA\u00c7\u00c3O 2020"}]},{"@type":"WebSite","@id":"https:\/\/anarcopunk.org\/festival\/#website","url":"https:\/\/anarcopunk.org\/festival\/","name":"Festival do Filme Anarquista e Punk de SP","description":"","potentialAction":[{"@type":"SearchAction","target":{"@type":"EntryPoint","urlTemplate":"https:\/\/anarcopunk.org\/festival\/?s={search_term_string}"},"query-input":{"@type":"PropertyValueSpecification","valueRequired":true,"valueName":"search_term_string"}}],"inLanguage":"pt-BR"}]}},"_links":{"self":[{"href":"https:\/\/anarcopunk.org\/festival\/wp-json\/wp\/v2\/pages\/497","targetHints":{"allow":["GET"]}}],"collection":[{"href":"https:\/\/anarcopunk.org\/festival\/wp-json\/wp\/v2\/pages"}],"about":[{"href":"https:\/\/anarcopunk.org\/festival\/wp-json\/wp\/v2\/types\/page"}],"author":[{"embeddable":true,"href":"https:\/\/anarcopunk.org\/festival\/wp-json\/wp\/v2\/users\/1"}],"replies":[{"embeddable":true,"href":"https:\/\/anarcopunk.org\/festival\/wp-json\/wp\/v2\/comments?post=497"}],"version-history":[{"count":36,"href":"https:\/\/anarcopunk.org\/festival\/wp-json\/wp\/v2\/pages\/497\/revisions"}],"predecessor-version":[{"id":739,"href":"https:\/\/anarcopunk.org\/festival\/wp-json\/wp\/v2\/pages\/497\/revisions\/739"}],"wp:attachment":[{"href":"https:\/\/anarcopunk.org\/festival\/wp-json\/wp\/v2\/media?parent=497"}],"curies":[{"name":"wp","href":"https:\/\/api.w.org\/{rel}","templated":true}]}}