{"id":35,"date":"2017-05-13T03:16:07","date_gmt":"2017-05-13T03:16:07","guid":{"rendered":"https:\/\/anarcopunk.org\/festival\/?page_id=35"},"modified":"2017-05-16T19:45:35","modified_gmt":"2017-05-16T19:45:35","slug":"2015-iv-festival","status":"publish","type":"page","link":"https:\/\/anarcopunk.org\/festival\/historico\/2015-iv-festival\/","title":{"rendered":"2015 | IV FESTIVAL"},"content":{"rendered":"<p><img fetchpriority=\"high\" decoding=\"async\" class=\"size-full wp-image-121 alignleft\" src=\"https:\/\/anarcopunk.org\/festival\/wp-content\/uploads\/2017\/05\/cartaz-festival-2015-modelo-02-e1494963386609.jpg\" alt=\"\" width=\"600\" height=\"424\" \/><\/p>\n<p style=\"text-align: justify;\"><a href=\"http:\/\/www.mediafire.com\/file\/20c13i2s55sis96\/CATALOGO.pdf\">DOWNLOAD DO CAT\u00c1LOGO 2015<\/a><\/p>\n<p style=\"text-align: justify;\">\n<p style=\"text-align: justify;\"><span style=\"color: #000000;\"><strong>Filmes<\/strong><\/span><\/p>\n<p style=\"text-align: justify;\"><span style=\"color: #000000;\"><strong>Sess\u00e3o Anarquismo no Mundo I | S\u00e1bado, 05\/12 &#8211; 17hs &#8211; Sala 1<\/strong><\/span><\/p>\n<p style=\"text-align: justify;\"><span style=\"color: #000000;\"><strong>Table Bed Chair\u00a0<\/strong> (Document\u00e1rio | 30 min. | 2007 | Hack e Proyer | Holanda)<\/span><br \/>\n<span style=\"color: #000000;\">Document\u00e1rio sobre a cena squatter de Amsterdam. O filme combina trechos da hist\u00f3ria do movimento squatter e suas particularmente bem desenvolvidas estruturas aut\u00f4nomas, com um foco na situa\u00e7\u00e3o legal da Holanda, fazendo um retrato do movimento em sua abordagem ideol\u00f3gica e suas propostas alternativas \u00e0s estruturas sociais vigentes.<\/span><\/p>\n<p style=\"text-align: justify;\"><span style=\"color: #000000;\"><strong>Isto \u00e9 Atenas<\/strong> (Document\u00e1rio | 11 min. | 2015 | Franklin Lopez | Gr\u00e9cia)<\/span><br \/>\n<span style=\"color: #000000;\">Uma vis\u00e3o pessoal do autor em sua visita a Atenas, Gr\u00e9cia. A inten\u00e7\u00e3o inicial era realizar uma reportagem sobre as assembleias nos bairros anarquistas. Esta tarefa foi mais complicada do que o realizador esperava, j\u00e1 que poucas pessoas nas assembleias de bairro aceitaram ser filmados ou fotografadas, com receio de repres\u00e1lias da pol\u00edcia, de seus empregadores ou dos grupos fascistas.<\/span><\/p>\n<p style=\"text-align: justify;\"><span style=\"color: #000000;\">* * *<\/span><\/p>\n<p style=\"text-align: justify;\"><span style=\"color: #000000;\"><strong>Sess\u00e3o Anarquismo no Mundo II<\/strong> |<strong> S\u00e1bado, 05\/12 &#8211; 14:10 &#8211; Sala 2<\/strong><\/span><\/p>\n<p style=\"text-align: justify;\"><span style=\"color: #000000;\"><strong>Ousar o Anarquismo!<\/strong> (Document\u00e1rio | 9 min. | 2011 | Tiago Nascimento | RJ)<\/span><br \/>\n<span style=\"color: #000000;\">Parte da hist\u00f3ria dxs revolucion\u00e1rixs italianxs anarquistas no Rio de Janeiro e em S\u00e3o Paulo nos anos de 1903 a 1920, Este per\u00edodo foi marcado por graves gerais e a forma\u00e7\u00e3o da primeira central sindical do pais, a COB- Confedera\u00e7\u00e3o Oper\u00e1ria Brasileira.<\/span><\/p>\n<p style=\"text-align: justify;\"><span style=\"color: #000000;\"><strong>Corpo Transgress\u00e3o ::: Remix<\/strong>\u00a0 (Document\u00e1rio | 28 min. | 2015 | Colombina Sanglant e Antena Mutante | RJ )<\/span><br \/>\n<span style=\"color: #000000;\">Narrativa construida com base em mapas que mostram acontecimentos como a militariza\u00e7\u00e3o, espetaculariza\u00e7\u00e3o, performances e resist\u00eancias, al\u00e9m de testemunhos de activistas do movimentos de ocupa\u00e7\u00f5es, arti(vi)stas, performistas, estudantes e professores. O corpo em quest\u00e3o \u00e9 aquele que utiliza estrat\u00e9gias de transbordamento na desterritorializa\u00e7\u00e3o dos espa\u00e7os. Com criatividade e agressividade os subversivos expandem o momento ao infinito.<\/span><\/p>\n<p style=\"text-align: justify;\"><span style=\"color: #000000;\">***<\/span><\/p>\n<p style=\"text-align: justify;\"><span style=\"color: #000000;\"><strong>Sess\u00e3o Anarquismo no Mundo III | Domingo, 06\/12 &#8211; 18h15 &#8211; Sala 1<\/strong><\/span><\/p>\n<p style=\"text-align: justify;\"><span style=\"color: #000000;\"><strong>Ingovern\u00e1veis: Um percurso pela Catalunha anarquista do s\u00e9culo XXI | <span style=\"text-decoration: underline;\">ESTR\u00c9IA<\/span><\/strong> (Document\u00e1rio | 95 min. | 2015 | Gonzalo Mateos | Espanha)<\/span><br \/>\n<span style=\"color: #000000;\">Ingovern\u00e1veis busca retratar a realidade do movimento anarquista ou anti-autorit\u00e1rio na regi\u00e3o espanhola da Catalunha. O document\u00e1rio aborda os conflitos sociais dos \u00faltimos anos: greves gerais, movimento de indignados, processos de auto-organiza\u00e7\u00e3o em bairros e centros de trabalho, a revolta em Can Vies, a repress\u00e3o na Opera\u00e7\u00e3o Pandora, entre outros.<\/span><\/p>\n<p style=\"text-align: justify;\"><span style=\"color: #000000;\"><strong>Fragmentos An\u00e1rquicos: Semana de Abertura da Maloca Libert\u00e1ria<\/strong> (Document\u00e1rio | 5 min. | 2015 | CCS Maloca Libert\u00e1ria | BA)<\/span><br \/>\n<span style=\"color: #000000;\">V\u00eddeo de divulga\u00e7\u00e3o do CCS Maloca Libert\u00e1ria<\/span><\/p>\n<p style=\"text-align: justify;\"><span style=\"color: #000000;\">***<\/span><\/p>\n<p style=\"text-align: justify;\"><span style=\"color: #000000;\"><strong>Sess\u00e3o: PUNK AM\u00c9RICA LATINA | S\u00e1bado, 05\/12 &#8211; 18hs &#8211; Sala 1<\/strong><\/span><\/p>\n<p style=\"text-align: justify;\"><span style=\"color: #000000;\"><strong>Hazlo tu Mismo &#8211; Progresivo<\/strong> (Document\u00e1rio | 13 min. | 2013\/2014 | Supay Kimsacharani | Bol\u00edvia)<\/span><br \/>\n<span style=\"color: #000000;\">Breve hist\u00f3ria da primeira banda punk da Bol\u00edvia, \u201cSecuencia Progresiva\u201d. 20 anos depois de sua forma\u00e7\u00e3o, falam de suas vidas, da cena punk, sua ideologia e anedotas atrav\u00e9s de uma compila\u00e7\u00e3o suja reunida durante mais de uma d\u00e9cada.<\/span><\/p>\n<p style=\"text-align: justify;\"><span style=\"color: #000000;\"><strong>Bogot\u00e1 Punk | <span style=\"text-decoration: underline;\">ESTR\u00c9IA<\/span><\/strong><span style=\"text-decoration: underline;\">\u00a0<\/span> (Document\u00e1rio | 51 min. | 2014 | Bogota Punk | Col\u00f4mbia)<\/span><br \/>\n<span style=\"color: #000000;\">Bogot\u00e1 Punk conta a atrav\u00e9s dos seus protagonistas e de material de arquivo a chegada e desenvolvimento da m\u00fasica punk e hardcore na capital colombiana, no meio de uma conflitiva e violenta situa\u00e7\u00e3o social, gerada pelo fen\u00f4meno do tr\u00e1fico e do conflito interno entre o estado e diferentes grupos subversivos.<\/span><\/p>\n<p style=\"text-align: justify;\"><span style=\"color: #000000;\"><strong>Tuna: Outra Face<\/strong> (Document\u00e1rio | 30 min. | 2013 | Anarco-Filmes | SP)<\/span><br \/>\n<span style=\"color: #000000;\">Tendo como ambiente a grava\u00e7\u00e3o em casa do disco Dupla Face, da banda punk Tuna, o document\u00e1rio fala sobre fa\u00e7a-voc\u00ea-mesmx, punk, anarquismo, produ\u00e7\u00f5es independentes, e diversos outros temas.<\/span><\/p>\n<p style=\"text-align: justify;\"><span style=\"color: #000000;\"><strong>Kuidado ke Muerden<\/strong> (Document\u00e1rio | 17 min. | 2013 | Josu Trueba e Pau Coll | Cuba)<\/span><br \/>\n<span style=\"color: #000000;\">Marcos, Alberto, Urraka, Anne, Jakelin, Taquechi, Ivalu, Oliver o Didie conhecem muito bem as dificuldades, rotinas e alegrias de viver na singular cidade de Havana. S\u00e3o \u201cpunks\u201d e \u201cfrikis\u201d. S\u00e3o nove participantes que durante dois meses aprenderam a usar a fotografia para contar a realidade que os rodeava. Uma Cuba desconhecida e distante dos cl\u00e1ssicos estere\u00f3tipos que rodeiam esta ilha caribenha.<\/span><\/p>\n<p style=\"text-align: justify;\"><span style=\"color: #000000;\">***<\/span><\/p>\n<p style=\"text-align: justify;\"><span style=\"color: #000000;\"><strong>SESS\u00c3O CINEMA ANARQUISTA | S\u00e1bado, 05\/12 \u2013 20:00 | Sala 1<\/strong><\/span><\/p>\n<p style=\"text-align: justify;\"><span style=\"color: #000000;\"><strong>Museu do Capital | <span style=\"text-decoration: underline;\">ESTR\u00c9IA<\/span><\/strong> (2015 | GECA &#8211; Grupo de Estudos &#8220;Cinema e Anarquia&#8221; | SP)<\/span><\/p>\n<p style=\"text-align: justify;\"><span style=\"color: #000000;\">Em um futuro distante, um museu exibe como era o mundo capitalista e seus absurdos meios sociais. Acompanhamos a trajet\u00f3ria de visitantes se impressionando com um passado que desconheciam. O Museu do Capital ser\u00e1 montado, de fato, como uma instala\u00e7\u00e3o na VI Feira Anarquista de S\u00e3o Paulo e proporcionar\u00e1 aos visitantes uma viagem no tempo, para um futuro p\u00f3s-capital.<\/span><\/p>\n<p style=\"text-align: justify;\"><span style=\"color: #000000;\"><strong>Sess\u00e3o seguida do debate CINEMA ANARQUISTA NA ATUALIDADE, com integrantes do coletivo organizador do Festival do Filme Anarquista e Punk de SP e participa\u00e7\u00e3o do coletivo GECA sobre a produ\u00e7\u00e3o do filme.<\/strong><\/span><\/p>\n<p style=\"text-align: justify;\"><span style=\"color: #000000;\">***<\/span><\/p>\n<p style=\"text-align: justify;\"><span style=\"color: #000000;\"><strong>Sess\u00e3o MULHERES EM LUTA I |\u00a0S\u00e1bado, 05\/12 \u2013 15:10 &#8211; Sala 2<\/strong><\/span><\/p>\n<p style=\"text-align: justify;\"><span style=\"color: #000000;\"><strong>Imagem Mulher<\/strong> (Document\u00e1rio | 58 min. | 2012 | Maristela Bizarro | SP)<\/span><br \/>\n<span style=\"color: #000000;\">Document\u00e1rio que nasce da hip\u00f3tese de que a idealiza\u00e7\u00e3o da mulher na m\u00eddia contribui para a viol\u00eancia contra a mulher. \u00c9 um olhar que se debru\u00e7a sobre a m\u00eddia e sobre a rotina de tr\u00eas mulheres, Ana Cl\u00e1udia Martins, Norma Cubillos e Sandra Regina Alves, buscando estabelecer um paralelo. Se a hip\u00f3tese inicial \u00e9 v\u00e1lida? As descobertas compartilhamos com o p\u00fablico.<\/span><\/p>\n<p style=\"text-align: justify;\"><span style=\"color: #000000;\"><strong>Asesinos, \u00bfd\u00edgame?<\/strong> (Fic\u00e7\u00e3o | 15 min. | 2013 | Rachel Dreams | Espanha)<\/span><br \/>\n<span style=\"color: #000000;\">Um gesto ruim, um insulto, um grito, um empurr\u00e3o, uma briga&#8230; e n\u00e3o acontece nada, \u00e9 apenas o dia a dia. Um telefone toca e se ouve uma voz: ele, um jovem \u201ccarinhoso e am\u00e1vel\u201d, ela, uma mulher que \u201cs\u00f3 lhe d\u00e1 problemas\u201d. Eva e Nacho, ou quaisquer outros nomes, s\u00e3o protagonistas.<\/span><\/p>\n<p style=\"text-align: justify;\"><span style=\"color: #000000;\">***<\/span><\/p>\n<p style=\"text-align: justify;\"><span style=\"color: #000000;\"><strong>Sess\u00e3o MULHERES EM LUTA II | Domingo, 06\/12 &#8211; 16h20 &#8211; Sala 1<\/strong><\/span><\/p>\n<p style=\"text-align: justify;\"><span style=\"color: #000000;\"><strong>Nayellis<\/strong> (Document\u00e1rio | Leonardo Blecher | 6 min. | 2014 | SP)<\/span><br \/>\n<span style=\"color: #000000;\">Nayelis \u00e9 a \u00fanica garota que pratica luta greco-romana na pequena cidade de Baracoa, em Cuba. Al\u00e9m de seus advers\u00e1rios, combate o machismo dentro de sua fam\u00edlia.<\/span><\/p>\n<p style=\"text-align: justify;\"><span style=\"color: #000000;\"><strong>Anarca-feministas na Bol\u00edvia<\/strong> (Document\u00e1rio | 15 min. | Sin(a)psis | 2010 | Bol\u00edvia)<\/span><br \/>\n<span style=\"color: #000000;\">Produzido pela produtora anarquista chilena Sin(a)psis, este curta retrata as anarca feministas da Bolivia, que falam sobre sua luta e as atualidades do movimento.<\/span><\/p>\n<p style=\"text-align: justify;\"><span style=\"color: #000000;\"><strong>Mulheres em Cena na Quebrada<\/strong> (Document\u00e1rio | 60 min. | Coletivo Perif\u00e9ricas | 2015 | SP)<\/span><br \/>\n<span style=\"color: #000000;\">Document\u00e1rio produzido pelo Coletivo Perif\u00e9ricas sobre a luta das mulheres na periferia de S\u00e3o Paulo.<\/span><\/p>\n<p style=\"text-align: justify;\"><span style=\"color: #000000;\"><strong>Mulheres da Esperan\u00e7a<\/strong> (Document\u00e1rio | 16 min. | 2014 | Gabi Moncau | SP)<\/span><br \/>\n<span style=\"color: #000000;\">A Ocupa\u00e7\u00e3o Esperan\u00e7a resiste em Osasco desde 23 de agosto, com cerca de 500 fam\u00edlias na luta por uma moradia digna. E uns dois meses depois que os barracos foram postos de p\u00e9, j\u00e1 come\u00e7aram a acontecer as reuni\u00f5es semanais das mulheres. Cansadas de viol\u00eancia, desigualdade pol\u00edtica e de direitos, elas passaram a se organizar. O v\u00eddeo retrata um pouco das vidas e lutas dessas mulheres de e da Esperan\u00e7a.<\/span><\/p>\n<p style=\"text-align: justify;\"><span style=\"color: #000000;\">***<\/span><\/p>\n<p style=\"text-align: justify;\"><span style=\"color: #000000;\"><strong>SESS\u00c3O ANTI-FASCISMO E MEM\u00d3RIA |\u00a0S\u00e1bado, 05\/12 \u2013 16:40 &#8211; Sala 2<\/strong><\/span><\/p>\n<p style=\"text-align: justify;\"><span style=\"color: #000000;\"><strong>Jovens Rebeldes: A Hist\u00f3ria do Southall Youth Movement | <span style=\"text-decoration: underline;\">ESTR\u00c9IA<\/span> <\/strong>(Document\u00e1rio | 63 min. | 2015| Digital Works | Inglaterra)<\/span><br \/>\n<span style=\"color: #000000;\">Feito por jovens sul asi\u00e1ticos de Southall, em Londres\/Inglaterra, o filme busca a hist\u00f3ria de luta de sua comunidade dos anos 60 aos 80, num contexto de racismo, atua\u00e7\u00e3o de grupos nazi-fascistas, persegui\u00e7\u00e3o e ataques de skinheads e da policia, que culmina no surgimento do Southall Youth Movement.<\/span><\/p>\n<p style=\"text-align: justify;\"><span style=\"color: #000000;\">***<\/span><\/p>\n<p style=\"text-align: justify;\"><span style=\"color: #000000;\"><strong>Sess\u00e3o O TRABALHO DANIFICA! | Domingo, 06\/12 \u2013 14:00 &#8211; Sala 1<\/strong><\/span><\/p>\n<p style=\"text-align: justify;\"><span style=\"color: #000000;\"><strong>Ruim \u00e9 ter que trabalhar<\/strong> (Fic\u00e7\u00e3o e document\u00e1rio | 9 min. | 2014 | Lincoln P\u00e9ricles | SP)<\/span><br \/>\n<span style=\"color: #000000;\">Alguns dias antes da copa do mundo no Brasil, um oper\u00e1rio reflete sobre seu trabalho.<\/span><\/p>\n<p style=\"text-align: justify;\"><span style=\"color: #000000;\"><strong>Aspirina<\/strong> (Fic\u00e7\u00e3o | 15 min. | 2013 | DADA Estudio Cinematografico \u2013 ESCA | Bol\u00edvia)<\/span><br \/>\n<span style=\"color: #000000;\">\u201cTodxs buscamos respostas neste mundo real, e eu quero me encontrar neste sonho de aspirina\u201d<\/span><\/p>\n<p style=\"text-align: justify;\"><span style=\"color: #000000;\"><strong>Contraven\u00e7\u00e3o<\/strong> (Fic\u00e7\u00e3o | 15 min. | 2015| Companhia Bueiro Aberto | SP)<\/span><br \/>\n<span style=\"color: #000000;\">Fernando \u00e9 um indiv\u00edduo preso \u00e0s imposi\u00e7\u00f5es do trabalho. Carrega diariamente o conflito entre ter de seguir \u00e0s obriga\u00e7\u00f5es e realizar seus desejos. Dentro dele, mora um vulc\u00e3o prestes a entrar em erup\u00e7\u00e3o, mas por fora mant\u00e9m a m\u00e1scara social e n\u00e3o reclama. Teresa tem uma vida dif\u00edcil e assim como Fernando se dedica firmemente ao seu emprego. Juntos, os dois decidem escapar da dura rotina. Para tanto, t\u00eam de cometer um crime, uma contraven\u00e7\u00e3o que pode tanto ser o maior exemplo de viol\u00eancia como o mais simples ato de negar o que os prende.<\/span><\/p>\n<p style=\"text-align: justify;\"><span style=\"color: #000000;\"><strong>Tiem Pos Modernos<\/strong> (Anima\u00e7\u00e3o | 1:36 min. | 2014 | Para el Fuego o para el Ba\u00f1o Protofilms | Argentina)<\/span><br \/>\n<span style=\"color: #000000;\">Pretendida revers\u00e3o do cl\u00e1ssico filme de Chaplin em tempos de 1 e 0.<\/span><\/p>\n<p style=\"text-align: justify;\"><span style=\"color: #000000;\">***<\/span><\/p>\n<p style=\"text-align: justify;\"><span style=\"color: #000000;\"><strong>Sess\u00e3o: Experimenta\u00e7\u00f5es |\u00a0S\u00e1bado, 05\/12 &#8211; 14hs &#8211; Sala 1<\/strong><\/span><\/p>\n<p style=\"text-align: justify;\"><span style=\"color: #000000;\"><strong>A Caverna<\/strong> (Experimental\/Fic\u00e7\u00e3o | 10 min. | 2015 | Rog\u00e9rio Em\u00edlio | It\u00fa\/SP)<\/span><br \/>\n<span style=\"color: #000000;\">Inspirado no Mito da Caverna do fil\u00f3sofo grego Plat\u00e3o, o curta aborda em sua narrativa uma cr\u00edtica vis\u00e3o sobre o mundo moderno e a iconofilia.<\/span><\/p>\n<p style=\"text-align: justify;\"><span style=\"color: #000000;\"><strong>\u00e0|mo(r)te capital\u00a0<\/strong> (Experimental | 13 min. | 2013 | Cin&#8217;Surgente DF)<\/span><br \/>\n<span style=\"color: #000000;\">a morte n\u00e3o \u00e9 um instrumento. nem para o bem, nem para o mal. n\u00e3o \u00e9 ela quem ceifa a vida. esta mesma \u00e9 que se autoconsome. ela \u00e9 apenas uma bailarina, que ama tudo o que vem \u00e0 exist\u00eancia. e como prova de seu amor, sempre oferece uma \u00faltima dan\u00e7a, \u00e0 quem deixar\u00e1 de existir.<\/span><\/p>\n<p style=\"text-align: justify;\"><span style=\"color: #000000;\"><strong>4<\/strong> (Doc Experimental | 15 min. | 2015 | Avles Sevla Alves| Ara\u00e7atuba\/SP)<\/span><br \/>\n<span style=\"color: #000000;\">Curta baseado no livro &#8220;12 provas da inexistencia de deus&#8221; &#8211; sebastien faure<\/span><\/p>\n<p style=\"text-align: justify;\"><span style=\"color: #000000;\">***<\/span><\/p>\n<p style=\"text-align: justify;\"><span style=\"color: #000000;\"><strong>Sess\u00e3o REDU\u00c7\u00c3O DA MAIORIDADE PENAL | S\u00e1bado, 05\/12 \u2013 15:00| Sala 1<\/strong><\/span><\/p>\n<p style=\"text-align: justify;\"><span style=\"color: #000000;\"><strong>Enquanto a liberdade n\u00e3o canta &#8211; a redu\u00e7\u00e3o da maioridade penal<\/strong> (Document\u00e1rio | 22 min. | 2015 | Desinform\u00e9monos | SP )<\/span><br \/>\n<span style=\"color: #000000;\">Realizado pelo Desinform\u00e9monos Brasil, traz o debate sobre a diminui\u00e7\u00e3o da idade penal e a realidade do sistema carcer\u00e1rio no Brasil pela voz, sobretudo, daqueles que vivem na pele essa realidade. Do lado de c\u00e1 e de l\u00e1 das grades, o v\u00eddeo de 22 minutos traz fragmentos de vida, opini\u00f5es e sonhos de jovens e seus familiares, com imagens exclusivas de dentro da Funda\u00e7\u00e3o Casa em S\u00e3o Paulo e do Complexo Penitenci\u00e1rio de Pedrinhas, no Maranh\u00e3o.<\/span><\/p>\n<p style=\"text-align: justify;\"><span style=\"color: #000000;\"><strong>Reduzir n\u00e3o cola<\/strong> (curta-metragem | 4 min | 2015, SP)<\/span><br \/>\n<span style=\"color: #000000;\">As opini\u00f5es e pensamentos de um grupo de arte educadorxs sobre a redu\u00e7\u00e3o a partir de suas atividades art\u00edsticas, fazendo indaga\u00e7\u00f5es importantes sobre o tema para a sociedade brasileira. Com iniciativa da produtora cultural e militante Gal Souza e motivados\/as pelos debates sobre a redu\u00e7\u00e3o, em pauta desde a tramita\u00e7\u00e3o da PEC 171\/1993, os\/as arte educadores\/as se reuniram para pensar a produ\u00e7\u00e3o de um curta que contribu\u00edsse com o debate, mostrando suas experi\u00eancias com as oficinas de linguagens art\u00edsticas realizadas atrav\u00e9s do projeto Arte na Casa.<\/span><\/p>\n<p style=\"text-align: justify;\"><span style=\"color: #000000;\"><strong>Sess\u00e3o seguida de Debate com Vagner Souza (Sarau da Brasa) e Fernanda Amaru<\/strong><\/span><\/p>\n<p style=\"text-align: justify;\"><span style=\"color: #000000;\">***<\/span><\/p>\n<p style=\"text-align: justify;\"><span style=\"color: #000000;\"><strong>Sess\u00f5es SALA DE V\u00cdDEO POPULAR<\/strong> | domingo, 06\/12 &#8211; sala 2<\/span><\/p>\n<p style=\"text-align: justify;\"><span style=\"color: #000000;\"><strong>Sess\u00e3o 1 | 14:10<\/strong><\/span><br \/>\n<span style=\"color: #000000;\"><strong>Doc. Cine Campinho &#8211; Da Terra \u00e0 Tela<\/strong> (Document\u00e1rio | 70 min. | 2014 | Lentes Perif\u00e9ricas | SP)<\/span><br \/>\n<span style=\"color: #000000;\">Em meados de 2007, alguns moradores insatisfeitos com a realidade violenta de seu bairro usaram a s\u00e9tima arte como ferramenta de transforma\u00e7\u00e3o social e pol\u00edtica. Essa interven\u00e7\u00e3o ajudou a transformar um terreno abandonado em um campo de futebol, espa\u00e7o de conviv\u00eancia e, com o tempo, cinema a c\u00e9u aberto. N\u00e3o demorou muito para que o lugar ficasse conhecido como Cine Campinho e virasse ponto de refer\u00eancia cultural na regi\u00e3o.<\/span><\/p>\n<p style=\"text-align: justify;\"><span style=\"color: #000000;\"><strong>Sess\u00e3o 2 | 15:40<\/strong><\/span><br \/>\n<span style=\"color: #000000;\"><strong>Imagens PERI-F\u00e9ricas<\/strong> (Document\u00e1rio | 21 min. | 2009 | N\u00facleo Audiovisual Cinescad\u00e3o | SP)<\/span><br \/>\n<span style=\"color: #000000;\">V\u00eddeo-document\u00e1rio do circuito de exibi\u00e7\u00e3o independente criado pelo Cinescad\u00e3o em 2009, nos bairros chamados de PERI, na Vila Nova Cachoeirinha, Zona Norte.<\/span><br \/>\n<span style=\"color: #000000;\">A articula\u00e7\u00e3o entre o Hip Hop e o V\u00eddeo Popular de S\u00e3o Paulo, s\u00e3o uma das passagens que marcam o filme.<\/span><\/p>\n<p style=\"text-align: justify;\"><span style=\"color: #000000;\"><strong>MOINHO 14<\/strong> (Document\u00e1rio | 41 min. | 2014 | FABCINE | SP)<\/span><br \/>\n<span style=\"color: #000000;\">Moinho 14 \u00e9 um documento audiovisual sobre a luta urbana e a resist\u00eancia organizada pela popula\u00e7\u00e3o da Favela do Moinho, contra a especula\u00e7\u00e3o imobili\u00e1ria e a pol\u00edtica higienista dos governos municipal e estadual em SP.<\/span><\/p>\n<p style=\"text-align: justify;\"><span style=\"color: #000000;\"><strong>Sess\u00e3o 3 | 17:00<\/strong><\/span><br \/>\n<span style=\"color: #000000;\"><strong>DEBATE &#8220;V\u00eddeo Popular&#8221;<\/strong><\/span><br \/>\n<span style=\"color: #000000;\">Com participa\u00e7\u00e3o de Daniel Fagundes (NCA &#8211; N\u00facleo de Comunica\u00e7\u00e3o Alternativa), Rodrigo Souza (Mundo em Foco), e Fl\u00e1vio Galv\u00e3o (Fabcine\/Cinescad\u00e3o).<\/span><\/p>\n<p style=\"text-align: justify;\"><span style=\"color: #000000;\"><strong>Sess\u00e3o 4 | 18:30<\/strong><\/span><br \/>\n<span style=\"color: #000000;\"><strong>Djandjuma Nossa Ess\u00eancia<\/strong> (Document\u00e1rio | 38 min. | 2014 | NCA | SP)<\/span><br \/>\n<span style=\"color: #000000;\">Registro da rela\u00e7\u00e3o desenvolvida pelo grupo Ballet Afro Koteban, com a m\u00fasica de matriz africana e a paisagem segregada de S\u00e3o Paulo.<\/span><\/p>\n<p style=\"text-align: justify;\"><span style=\"color: #000000;\"><strong>\u00d3na<\/strong> (Fic\u00e7\u00e3o | 5 min. | 2014 | Coletivo Criativo de Rua | RJ)<\/span><br \/>\n<span style=\"color: #000000;\">Um poeta realiza uma oferenda \u00e0 Exu, mensageiro entre Or\u00fan e Aye, afim de libertar os caminhos da sua ra\u00e7a que at\u00e9 hoje sofre com um preconceito cultural e est\u00e9tico.<\/span><\/p>\n<p style=\"text-align: justify;\"><span style=\"color: #000000;\"><strong>Chocolate Meio Amargo<\/strong> (Fic\u00e7\u00e3o | 12 min. | 2015 | Yabura Filmes | GO)<\/span><br \/>\n<span style=\"color: #000000;\">Um furto praticado por dois jovens vai revelar a delinqu\u00eancia configurada no ambiente da delegacia, onde todos, da autoridade aos encarcerados, cometem atos fora da regra.<\/span><\/p>\n<p style=\"text-align: justify;\"><span style=\"color: #000000;\"><strong>Conflitos e Abismos: a express\u00e3o da condi\u00e7\u00e3o humana<\/strong> (Document\u00e1rio | 15 min. | 2014 | Coletivo Tela Preta | SE)<\/span><br \/>\n<span style=\"color: #000000;\">A pintura de Everton exprime o que h\u00e1 de mais real na vida do homem. Aos olhos desse artista, a humanidade \u00e9 revelada pelos aspectos mais sublimes e tamb\u00e9m mais obscuros.<\/span><\/p>\n<p style=\"text-align: justify;\"><span style=\"color: #000000;\">***<\/span><\/p>\n<p style=\"text-align: justify;\"><span style=\"color: #000000;\"><strong>Sess\u00e3o Anarquismo para Crian\u00e7as |\u00a0Domingo, 06\/12 &#8211; 15:00 &#8211; Sala 1<\/strong><\/span><\/p>\n<p style=\"text-align: justify;\"><span style=\"color: #000000;\"><strong>Um drag\u00e3o no reino de Orb | ESTR\u00c9IA\u00a0<\/strong> (Anima\u00e7\u00e3o | 7 min. | 2015 | Laborat\u00f3rio de educa\u00e7\u00e3o anarquista \/ biblioteca terra livre | SP)<\/span><br \/>\n<span style=\"color: #000000;\">Essa hist\u00f3ria \u00e9 sobre um reino onde vive um povo pobre, um rei cheio de conforto, um cavaleiro antiher\u00f3i e um drag\u00e3o dorminhoco. Curta metragem baseado no livro &#8220;Um drag\u00e3o no reino de Orb&#8221;, do italiano Federico Zanoni, primeira produ\u00e7\u00e3o liter\u00e1ria do Laborat\u00f3rio de Educa\u00e7\u00e3o Anarquista.<\/span><\/p>\n<p style=\"text-align: justify;\"><span style=\"color: #000000;\"><strong>Quando um deslizamento obstrui um rio | ESTR\u00c9IA<\/strong> (Anima\u00e7\u00e3o | 2 min. | 2015 | Laborat\u00f3rio de educa\u00e7\u00e3o anarquista \/ biblioteca terra livre | SP )<\/span><br \/>\n<span style=\"color: #000000;\">O que acontece quando um rio \u00e9 obstru\u00eddo? Uma pequena revolu\u00e7\u00e3o terrestre! Essa anima\u00e7\u00e3o tem como inspira\u00e7\u00e3o um trecho do livro &#8220;A evolu\u00e7\u00e3o, a revolu\u00e7\u00e3o e o ideal anarquista&#8221; de \u00c9lis\u00e9e Reclus.<\/span><\/p>\n<p style=\"text-align: justify;\"><span style=\"color: #000000;\"><strong>seguida da Sess\u00e3o Semana pela Soberania Audiovisual:<\/strong>A\u00a0 Semana pela Soberania Audiovisual \u00e9 um encontro latinoamericano para\u00a0 troca de experi\u00eancias e viv\u00eancias em bairros perif\u00e9ricos, zonas rurais e\u00a0 sedes descentralizadas, que inclui atividades\u00a0 paralelas de forma\u00e7\u00e3o\u00a0 audiovisual,\u00a0 cria\u00e7\u00f5es coletivas, transmiss\u00f5es de r\u00e1dio popular e\u00a0 video, conversas, e interven\u00e7oes gr\u00e1ficas na cidade.<\/span><br \/>\n<span style=\"color: #000000;\">\u00c9\u00a0 uma mostra multilocalizada que se realiza atrav\u00e9s de um esfor\u00e7o\u00a0 coletivo em v\u00e1rios pa\u00edses. Neste ano ela ser\u00e1 realizada em setembro na\u00a0 Argentina, Bolivia, Brasil, Colombia, Costa Rica, M\u00e9xico e Per\u00fa e em\u00a0 novembro no Brasil e no Equador; com o prop\u00f3sito de tecer uma rede\u00a0 latinoamericana, compartilhar olhares diversos, alcan\u00e7ar maior acceso ao\u00a0 cinema em bairros perif\u00e9ricos e zonas rurais e (nos) oferecer\u00a0 alternativas a exibi\u00e7\u00e3o e difus\u00e3o convencional, que promovam a\u00a0 circula\u00e7\u00e3o de conte\u00fados alternativos e interculturais, a partir da\u00a0 cria\u00e7\u00e3o de espa\u00e7os de reflex\u00e3o e di\u00e1logo.<\/span><br \/>\n<span style=\"color: #000000;\">A\u00a0 tem\u00e1tica deste ano \u00e9 territ\u00f3rio. Como habitar nossos territ\u00f3rios que\u00a0 resistem \u00e0s expropria\u00e7\u00f5es dos projetos extrativistas (monocultivos,\u00a0 hidroel\u00e9tricas, minera\u00e7\u00e3o, etc&#8230;), megaeventos (Copa do Mundo e\u00a0 Olimp\u00edadas), ao genoc\u00eddo da popula\u00e7\u00e3o negra e ind\u00edgena? Como habitar\u00a0 nossos entramados comunit\u00e1rios que resistem \u00e0s tentativas de\u00a0 homogeniza\u00e7\u00e3o, divis\u00e3o e dilui\u00e7\u00e3o por parte dos governos e corpora\u00e7\u00f5es\u00a0 transnacionais? Este \u00e9 um encontro para lembrar, fortalecer a a\u00e7\u00e3o\u00a0 coletiva, conhecer e nos reconhecer para construir possibilidades\u00a0 alternativas de vida e facilitar formas coletivas de trabalho,\u00a0 fomentando o cinema e o audiovisual como um territ\u00f3rio poss\u00edvel para a\u00a0 gente habitar.<\/span><br \/>\n<span style=\"color: #000000;\">Apoiando a Semana, faremos uma mostra no Festival, logo ap\u00f3s a sess\u00e3o Anarquismo para Crian\u00e7as.<\/span><br \/>\n<span style=\"color: #000000;\">***<\/span><\/p>\n<p style=\"text-align: justify;\"><span style=\"color: #000000;\"><strong>DEBATES<\/strong><\/span><\/p>\n<p style=\"text-align: justify;\"><span style=\"color: #000000;\">06\/12 \u2013 s\u00e1bado<\/span><br \/>\n<span style=\"color: #000000;\">15hs | <strong>Bate-papo sobre a Redu\u00e7\u00e3o da Maioridade Penal<\/strong>, com<\/span><br \/>\n<span style=\"color: #000000;\"><strong>Vagner Souza (Sarau da Brasa) e Fernanda Amaru.<\/strong><\/span><\/p>\n<p style=\"text-align: justify;\"><span style=\"color: #000000;\">20hs | <strong>Bate-papo: Cinema Anarquista na atualidade com<\/strong><\/span><br \/>\n<span style=\"color: #000000;\"><strong>coletivo organizador do Festival do Filme Anarquista e Punk de SP<\/strong> e participa\u00e7\u00e3o do coletivo <strong>GECA<\/strong> sobre a produ\u00e7\u00e3o do filme <strong>&#8220;Museu do Capital&#8221;<\/strong><\/span><\/p>\n<p style=\"text-align: justify;\"><span style=\"color: #000000;\">07\/12 \u2013 domingo<\/span><br \/>\n<span style=\"color: #000000;\">17:00 | <strong>Bate-papo sobre V\u00eddeo Popular<\/strong><\/span><br \/>\n<span style=\"color: #000000;\">com <strong>Daniel Fagundes (NCA), Rodrigo Souza (Mundo em Foco)<\/strong>, <strong>e Fl\u00e1vio Galv\u00e3o (Fabcine\/Cinescad\u00e3o).<\/strong><\/span><\/p>\n<p style=\"text-align: justify;\"><span style=\"color: #000000;\">***<\/span><\/p>\n<p style=\"text-align: justify;\"><span style=\"color: #000000;\"><strong>OFICINAS<\/strong><\/span><\/p>\n<p style=\"text-align: justify;\"><span style=\"color: #000000;\"><strong>Oficina de Produ\u00e7\u00e3o Audiovisual, por Lentes Perif\u00e9ricas<\/strong><\/span><br \/>\n<span style=\"color: #000000;\">S\u00e1bado e Domingo &#8211; a partir das 11hs<\/span><\/p>\n<p style=\"text-align: justify;\"><span style=\"color: #000000;\">***<\/span><\/p>\n<p style=\"text-align: justify;\"><span style=\"color: #000000;\"><strong>ATIVIDADES<\/strong><\/span><\/p>\n<p style=\"text-align: justify;\"><span style=\"color: #000000;\"><strong>Sarau \u201cSangue, Suor e Poesia Libert\u00e1ria\u201d + Apresenta\u00e7\u00e3o de Valo Kids e P\u00e2nico Brutal | Sexta, 04\/12 &#8211; a partir das 19hs<\/strong><\/span><br \/>\n<span style=\"color: #000000;\">Como de costume, o Sarau abre as portas do Festival do Filme Anarquista e Punk com muita poesia para seguir adiante nesta jornada de 3 dias de atividades. Traga seu texto, rima, poesia e express\u00e3o libert\u00e1ria para compartilhar!<\/span><br \/>\n<span style=\"color: #000000;\">Ap\u00f3s o Sarau, apresenta\u00e7\u00e3o dos grupos de rap <strong>Valo Kids e P\u00e2nico Brutal<\/strong>.<\/span><\/p>\n<p style=\"text-align: justify;\"><span style=\"color: #000000;\">***<\/span><\/p>\n<p style=\"text-align: justify;\"><span style=\"color: #000000;\"><strong>EXPOSI\u00c7\u00d5ES\u00a0 | Abertura na sexta, 04\/12 a partir das 19hs<\/strong><\/span><\/p>\n<p style=\"text-align: justify;\"><span style=\"color: #000000;\"><strong>Witchcraft Collage<br \/>\n<\/strong>O Witchcraft Collage \u00e9 um coletivo de colagens formado por Carla Duarte e La\u00edza Ferreira. Nosso contato \u00e9 todo virtual e a partir disso criamos colagens a partir de uma perspectiva punk feminista, mesmo que a est\u00e9tica punk nem sempre esteja presente em todas as colagens. Nossas colagens j\u00e1 forma publicadas no zine MES (de Bras\u00edlia) e no Alpacalipse, zine editado pela Alpaca Editora, especializada em artistas mulheres.<\/span><\/p>\n<p style=\"text-align: justify;\"><span style=\"color: #000000;\"><strong>Dial House: Florescendo a liberdade<\/strong><\/span><br \/>\n<span style=\"color: #000000;\">Exposi\u00e7\u00e3o de fotografias tiradas em julho de 2015 na Dial House (Essex-Inglaterra), comunidade onde se formou a banda anarcopunk Crass em meados dos anos 70, e que foi espa\u00e7o para dezenas de projetos e experi\u00eancias libert\u00e1rias e contra-culturais.\u00a0 | Por Marina Knup<\/span><\/p>\n<p style=\"text-align: justify;\"><span style=\"color: #000000;\"><strong>Cultura Daqui \u2013 Olhares da Brasa<\/strong><\/span><br \/>\n<span style=\"color: #000000;\">Lan\u00e7amento do livro e exposi\u00e7\u00e3o fotogr\u00e1fica com mesmo nome, reunindo os olhares de Sonia Bischain, Avelino Regicida e Enver Padovezzi sobre a Brasil\u00e2ndia.<\/span><\/p>\n<p style=\"text-align: justify;\"><span style=\"color: #000000;\"><strong>Mulheres Livres: Imagens Insurgentes<\/strong><\/span><br \/>\n<span style=\"color: #000000;\">Exposi\u00e7\u00e3o fotogr\u00e1fica que retrata a presen\u00e7a das mulheres nas lutas sociais.<\/span><br \/>\n<span style=\"color: #000000;\">Nos \u00faltimos 5 anos a fot\u00f3grafa feminista Elaine Campos vem produzindo novas imagens das realidades, lutas e a esperan\u00e7as das mulheres de S\u00e3o Paulo e de outras cidade do Brasil. A exposi\u00e7\u00e3o Mulheres Livres: Imagens Insurgentes re\u00fane fotos que retratam a presen\u00e7a das mulheres \u00e0 frente da cultura contra-hegem\u00f4nica, nas lutas sociais e na arte.<\/span><\/p>\n<p style=\"text-align: justify;\"><span style=\"color: #000000;\">***<\/span><\/p>\n<p style=\"text-align: justify;\"><span style=\"color: #000000;\"><strong>FEIRA DE MATERIAIS LIBERT\u00c1RIOS<\/strong><\/span><br \/>\n<span style=\"color: #000000;\">Durante os tr\u00eas dias de evento haver\u00e1 espa\u00e7o para venda, distribui\u00e7\u00e3o e troca de livros, filmes e outros materiais libert\u00e1rios no <strong>Espa\u00e7o Jaime Cubero<\/strong> | para expor escreva para festival@anarcopunk.<\/span><\/p>\n<p style=\"text-align: justify;\">***PROGRAMA\u00c7\u00c3O RESUMIDA<\/p>\n<p><span style=\"color: #000000;\"><strong>SEXTA, 04 DE DEZEMBRO<\/strong><\/span><\/p>\n<p><span style=\"color: #000000;\">A partir das 19hs | <strong>ABERTURA<\/strong><\/span><br \/>\n<span style=\"color: #000000;\">* Sarau<strong> \u201cSangue, Suor e Poesia Libert\u00e1ria\u201d<\/strong><\/span><span style=\"color: #000000;\"><strong><br \/>\n<\/strong><\/span><\/p>\n<p><span style=\"color: #000000;\"><strong>* <\/strong>Apresenta\u00e7\u00e3o dos grupos de rap<strong> Panico Brutal e Valo Kids HK<br \/>\n<\/strong><\/span><\/p>\n<p><span style=\"color: #000000;\"><strong>* Abertura das exposi\u00e7\u00f5es<\/strong><\/span><\/p>\n<p><span style=\"color: #000000;\">* * *<\/span><\/p>\n<p><span style=\"color: #000000;\"><strong>S\u00c1BADO, 05 DE DEZEMBRO<\/strong><\/span><\/p>\n<p><span style=\"color: #000000;\">A partir das 11hs | <strong>Oficina de produ\u00e7\u00e3o audiovisual<\/strong><\/span><br \/>\n<span style=\"color: #000000;\">com <strong>Lentes Perif\u00e9ricas<\/strong><\/span><\/p>\n<p>***<\/p>\n<p><strong><span style=\"color: #000000;\">Sala 1 &#8220;Lucia Sanchez Saornil&#8221;<\/span><\/strong><\/p>\n<p><span style=\"color: #000000;\">14:00 | Sess\u00e3o <strong>\u201cExperimenta\u00e7\u00f5es\u201d<\/strong> (\u201cA Caverna\u201d, \u201c4\u201d e \u201c\u00e0|mo(r)te capital\u201d)<\/span><br \/>\n<span style=\"color: #000000;\">15:00 | Sess\u00e3o <strong>\u201cRedu\u00e7\u00e3o da Maioridade Penal\u201d<\/strong>, seguido de conversa com <strong>Vagner Souza e Fernanda Amaru<\/strong>. <\/span><br \/>\n<span style=\"color: #000000;\">17:00 | Sess\u00e3o <strong>Anarquismo no Mundo I<\/strong>\u00a0 (\u201cTable Bed Chair\u201d e \u201cIsto \u00c9 Atenas\u201d)<\/span><br \/>\n<span style=\"color: #000000;\">18:00 | Sess\u00e3o <strong>Punk Am\u00e9rica Latina<\/strong> (\u201cHazlo tu Mismo &#8211; Progresivo\u201d, \u201cBogot\u00e1 Punk\u201d, \u201cKuidado ke Muerden\u201d e \u201cTuna: Outra Face\u201d)<\/span><br \/>\n<span style=\"color: #000000;\">20:00 | Sess\u00e3o <strong>&#8220;Cinema Anarquista&#8221;<\/strong> (Estr\u00e9ia \u201cMuseu do Capital\u201d seguida de conversa sobre Cinema Anarquista na Atualidade com coletivo organizador do Festival)<\/span><\/p>\n<p><strong><span style=\"color: #000000;\">SALA 2 \u201cLucy Parsons\u201d<\/span><\/strong><\/p>\n<p><span style=\"color: #000000;\">14:10 | Sess\u00e3o <strong>Anarquismo no Mundo II<\/strong>\u00a0 (\u201cOusar o Anarquismo! \u201d e \u201cCorpo Transgress\u00e3o ::: Remix \u201d)<\/span><br \/>\n<span style=\"color: #000000;\">15:10 | Sess\u00e3o <strong>Mulheres em Luta 1<\/strong> (\u201cImagem Mulher\u201d e \u201cAsesinos, \u00bfd\u00edgame?\u201d)<\/span><br \/>\n<span style=\"color: #000000;\">16:40 | Estr\u00e9ia | Sess\u00e3o <strong>Anti-Fascismo e Mem\u00f3ria<\/strong>\u00a0 (\u201cJovens Rebeldes: A hist\u00f3ria do Southall Youth Movement\u201d)<\/span><\/p>\n<p>***<\/p>\n<p><strong><span style=\"color: #000000;\">DOMINGO, 06 DE DEZEMBRO<\/span><\/strong><\/p>\n<p><span style=\"color: #000000;\">A partir das 11hs | <strong>Oficina de produ\u00e7\u00e3o audiovisual<\/strong><\/span><br \/>\n<span style=\"color: #000000;\">com <strong>Lentes Perif\u00e9ricas<\/strong><\/span><\/p>\n<p>***<\/p>\n<p><strong><span style=\"color: #000000;\">SALA 1 \u201cLuc\u00eda S\u00e1nchez Saornil\u201d<\/span><\/strong><\/p>\n<p><span style=\"color: #000000;\">14:00 | Sess\u00e3o <strong>&#8220;O Trabalho Danifica!&#8221;<\/strong> (\u201cAspirina\u201d, \u201cContraven\u00e7\u00e3o\u201d, \u201cRuim \u00e9 ter que trabalhar\u201d e \u201cTiem Pos Modernos\u201d)<\/span><br \/>\n<span style=\"color: #000000;\">15:00 | Estr\u00e9ia | Sess\u00e3o <strong>Anarquismo para Crian\u00e7as<\/strong> + Sess\u00e3o <strong>Semana de Soberania Audiovisual<\/strong><\/span><br \/>\n<span style=\"color: #000000;\">16:20 | Sess\u00e3o <strong>Mulheres em Luta 2<\/strong> (\u201cNayellis\u201d, \u201cAnarcafeministas na Bol\u00edvia\u201d, \u201cMulheres da Esperan\u00e7a\u201d e \u201cMulheres em cena na quebrada\u201d)<\/span><br \/>\n<span style=\"color: #000000;\">18:15 | Estr\u00e9ia | Sess\u00e3o <strong>Anarquismo no mundo III<\/strong> (\u201dFragmentos An\u00e1rquicos\u201d e \u201cIngovern\u00e1veis\u201d)<\/span><\/p>\n<p><strong><span style=\"color: #000000;\">SALA DE V\u00cdDEO POPULAR<\/span><\/strong><\/p>\n<p><span style=\"color: #000000;\">14:10 | Doc. Cine Campinho &#8211; Da Terra \u00e0 Tela <\/span><br \/>\n<span style=\"color: #000000;\">15:40 | Imagens PERI-F\u00e9ricas + Moinho14<\/span><br \/>\n<span style=\"color: #000000;\">17:00 | <strong>conversa sobre V\u00eddeo Popular, com Daniel Fagundes, Rodrigo Souza e Fl\u00e1vio Galv\u00e3o<\/strong><\/span><br \/>\n<span style=\"color: #000000;\">18:30 | Djandjuma Nossa Ess\u00eancia + \u00d3na + Conflitos e Abismos + Chocolate Meio Amargo<\/span><\/p>\n","protected":false},"excerpt":{"rendered":"<p>DOWNLOAD DO CAT\u00c1LOGO 2015 Filmes Sess\u00e3o Anarquismo no Mundo I | S\u00e1bado, 05\/12 &#8211; 17hs &#8211; Sala 1 Table Bed Chair\u00a0 (Document\u00e1rio | 30 min. | 2007 | Hack e Proyer | Holanda) Document\u00e1rio sobre a cena squatter de Amsterdam. O filme combina trechos da hist\u00f3ria do movimento squatter e suas particularmente bem desenvolvidas estruturas <a class=\"more-link\" href=\"https:\/\/anarcopunk.org\/festival\/historico\/2015-iv-festival\/\">Leia mais&#8230; &raquo;<\/a><\/p>\n","protected":false},"author":1,"featured_media":0,"parent":25,"menu_order":0,"comment_status":"closed","ping_status":"closed","template":"","meta":{"_acf_changed":false,"footnotes":""},"class_list":["post-35","page","type-page","status-publish","hentry"],"acf":[],"yoast_head":"<!-- This site is optimized with the Yoast SEO plugin v27.5 - https:\/\/yoast.com\/product\/yoast-seo-wordpress\/ -->\n<title>2015 | IV FESTIVAL - Festival do Filme Anarquista e Punk de SP<\/title>\n<meta name=\"robots\" content=\"index, follow, max-snippet:-1, max-image-preview:large, max-video-preview:-1\" \/>\n<link rel=\"canonical\" href=\"https:\/\/anarcopunk.org\/festival\/historico\/2015-iv-festival\/\" \/>\n<meta property=\"og:locale\" content=\"pt_BR\" \/>\n<meta property=\"og:type\" content=\"article\" \/>\n<meta property=\"og:title\" content=\"2015 | IV FESTIVAL - Festival do Filme Anarquista e Punk de SP\" \/>\n<meta property=\"og:description\" content=\"DOWNLOAD DO CAT\u00c1LOGO 2015 Filmes Sess\u00e3o Anarquismo no Mundo I | S\u00e1bado, 05\/12 &#8211; 17hs &#8211; Sala 1 Table Bed Chair\u00a0 (Document\u00e1rio | 30 min. | 2007 | Hack e Proyer | Holanda) Document\u00e1rio sobre a cena squatter de Amsterdam. O filme combina trechos da hist\u00f3ria do movimento squatter e suas particularmente bem desenvolvidas estruturas Leia mais... &raquo;\" \/>\n<meta property=\"og:url\" content=\"https:\/\/anarcopunk.org\/festival\/historico\/2015-iv-festival\/\" \/>\n<meta property=\"og:site_name\" content=\"Festival do Filme Anarquista e Punk de SP\" \/>\n<meta property=\"article:modified_time\" content=\"2017-05-16T19:45:35+00:00\" \/>\n<meta property=\"og:image\" content=\"https:\/\/anarcopunk.org\/festival\/wp-content\/uploads\/2017\/05\/cartaz-festival-2015-modelo-02-e1494963386609.jpg\" \/>\n<meta name=\"twitter:card\" content=\"summary_large_image\" \/>\n<meta name=\"twitter:label1\" content=\"Est. tempo de leitura\" \/>\n\t<meta name=\"twitter:data1\" content=\"17 minutos\" \/>\n<script type=\"application\/ld+json\" class=\"yoast-schema-graph\">{\"@context\":\"https:\\\/\\\/schema.org\",\"@graph\":[{\"@type\":\"WebPage\",\"@id\":\"https:\\\/\\\/anarcopunk.org\\\/festival\\\/historico\\\/2015-iv-festival\\\/\",\"url\":\"https:\\\/\\\/anarcopunk.org\\\/festival\\\/historico\\\/2015-iv-festival\\\/\",\"name\":\"2015 | IV FESTIVAL - Festival do Filme Anarquista e Punk de SP\",\"isPartOf\":{\"@id\":\"https:\\\/\\\/anarcopunk.org\\\/festival\\\/#website\"},\"primaryImageOfPage\":{\"@id\":\"https:\\\/\\\/anarcopunk.org\\\/festival\\\/historico\\\/2015-iv-festival\\\/#primaryimage\"},\"image\":{\"@id\":\"https:\\\/\\\/anarcopunk.org\\\/festival\\\/historico\\\/2015-iv-festival\\\/#primaryimage\"},\"thumbnailUrl\":\"https:\\\/\\\/anarcopunk.org\\\/festival\\\/wp-content\\\/uploads\\\/2017\\\/05\\\/cartaz-festival-2015-modelo-02-e1494963386609.jpg\",\"datePublished\":\"2017-05-13T03:16:07+00:00\",\"dateModified\":\"2017-05-16T19:45:35+00:00\",\"breadcrumb\":{\"@id\":\"https:\\\/\\\/anarcopunk.org\\\/festival\\\/historico\\\/2015-iv-festival\\\/#breadcrumb\"},\"inLanguage\":\"pt-BR\",\"potentialAction\":[{\"@type\":\"ReadAction\",\"target\":[\"https:\\\/\\\/anarcopunk.org\\\/festival\\\/historico\\\/2015-iv-festival\\\/\"]}]},{\"@type\":\"ImageObject\",\"inLanguage\":\"pt-BR\",\"@id\":\"https:\\\/\\\/anarcopunk.org\\\/festival\\\/historico\\\/2015-iv-festival\\\/#primaryimage\",\"url\":\"https:\\\/\\\/anarcopunk.org\\\/festival\\\/wp-content\\\/uploads\\\/2017\\\/05\\\/cartaz-festival-2015-modelo-02-e1494963386609.jpg\",\"contentUrl\":\"https:\\\/\\\/anarcopunk.org\\\/festival\\\/wp-content\\\/uploads\\\/2017\\\/05\\\/cartaz-festival-2015-modelo-02-e1494963386609.jpg\",\"width\":600,\"height\":424},{\"@type\":\"BreadcrumbList\",\"@id\":\"https:\\\/\\\/anarcopunk.org\\\/festival\\\/historico\\\/2015-iv-festival\\\/#breadcrumb\",\"itemListElement\":[{\"@type\":\"ListItem\",\"position\":1,\"name\":\"Home\",\"item\":\"https:\\\/\\\/anarcopunk.org\\\/festival\\\/\"},{\"@type\":\"ListItem\",\"position\":2,\"name\":\"HIST\u00d3RICO\",\"item\":\"https:\\\/\\\/anarcopunk.org\\\/festival\\\/historico\\\/\"},{\"@type\":\"ListItem\",\"position\":3,\"name\":\"2015 | IV FESTIVAL\"}]},{\"@type\":\"WebSite\",\"@id\":\"https:\\\/\\\/anarcopunk.org\\\/festival\\\/#website\",\"url\":\"https:\\\/\\\/anarcopunk.org\\\/festival\\\/\",\"name\":\"Festival do Filme Anarquista e Punk de SP\",\"description\":\"\",\"potentialAction\":[{\"@type\":\"SearchAction\",\"target\":{\"@type\":\"EntryPoint\",\"urlTemplate\":\"https:\\\/\\\/anarcopunk.org\\\/festival\\\/?s={search_term_string}\"},\"query-input\":{\"@type\":\"PropertyValueSpecification\",\"valueRequired\":true,\"valueName\":\"search_term_string\"}}],\"inLanguage\":\"pt-BR\"}]}<\/script>\n<!-- \/ Yoast SEO plugin. -->","yoast_head_json":{"title":"2015 | IV FESTIVAL - Festival do Filme Anarquista e Punk de SP","robots":{"index":"index","follow":"follow","max-snippet":"max-snippet:-1","max-image-preview":"max-image-preview:large","max-video-preview":"max-video-preview:-1"},"canonical":"https:\/\/anarcopunk.org\/festival\/historico\/2015-iv-festival\/","og_locale":"pt_BR","og_type":"article","og_title":"2015 | IV FESTIVAL - Festival do Filme Anarquista e Punk de SP","og_description":"DOWNLOAD DO CAT\u00c1LOGO 2015 Filmes Sess\u00e3o Anarquismo no Mundo I | S\u00e1bado, 05\/12 &#8211; 17hs &#8211; Sala 1 Table Bed Chair\u00a0 (Document\u00e1rio | 30 min. | 2007 | Hack e Proyer | Holanda) Document\u00e1rio sobre a cena squatter de Amsterdam. O filme combina trechos da hist\u00f3ria do movimento squatter e suas particularmente bem desenvolvidas estruturas Leia mais... &raquo;","og_url":"https:\/\/anarcopunk.org\/festival\/historico\/2015-iv-festival\/","og_site_name":"Festival do Filme Anarquista e Punk de SP","article_modified_time":"2017-05-16T19:45:35+00:00","og_image":[{"url":"https:\/\/anarcopunk.org\/festival\/wp-content\/uploads\/2017\/05\/cartaz-festival-2015-modelo-02-e1494963386609.jpg","type":"","width":"","height":""}],"twitter_card":"summary_large_image","twitter_misc":{"Est. tempo de leitura":"17 minutos"},"schema":{"@context":"https:\/\/schema.org","@graph":[{"@type":"WebPage","@id":"https:\/\/anarcopunk.org\/festival\/historico\/2015-iv-festival\/","url":"https:\/\/anarcopunk.org\/festival\/historico\/2015-iv-festival\/","name":"2015 | IV FESTIVAL - Festival do Filme Anarquista e Punk de SP","isPartOf":{"@id":"https:\/\/anarcopunk.org\/festival\/#website"},"primaryImageOfPage":{"@id":"https:\/\/anarcopunk.org\/festival\/historico\/2015-iv-festival\/#primaryimage"},"image":{"@id":"https:\/\/anarcopunk.org\/festival\/historico\/2015-iv-festival\/#primaryimage"},"thumbnailUrl":"https:\/\/anarcopunk.org\/festival\/wp-content\/uploads\/2017\/05\/cartaz-festival-2015-modelo-02-e1494963386609.jpg","datePublished":"2017-05-13T03:16:07+00:00","dateModified":"2017-05-16T19:45:35+00:00","breadcrumb":{"@id":"https:\/\/anarcopunk.org\/festival\/historico\/2015-iv-festival\/#breadcrumb"},"inLanguage":"pt-BR","potentialAction":[{"@type":"ReadAction","target":["https:\/\/anarcopunk.org\/festival\/historico\/2015-iv-festival\/"]}]},{"@type":"ImageObject","inLanguage":"pt-BR","@id":"https:\/\/anarcopunk.org\/festival\/historico\/2015-iv-festival\/#primaryimage","url":"https:\/\/anarcopunk.org\/festival\/wp-content\/uploads\/2017\/05\/cartaz-festival-2015-modelo-02-e1494963386609.jpg","contentUrl":"https:\/\/anarcopunk.org\/festival\/wp-content\/uploads\/2017\/05\/cartaz-festival-2015-modelo-02-e1494963386609.jpg","width":600,"height":424},{"@type":"BreadcrumbList","@id":"https:\/\/anarcopunk.org\/festival\/historico\/2015-iv-festival\/#breadcrumb","itemListElement":[{"@type":"ListItem","position":1,"name":"Home","item":"https:\/\/anarcopunk.org\/festival\/"},{"@type":"ListItem","position":2,"name":"HIST\u00d3RICO","item":"https:\/\/anarcopunk.org\/festival\/historico\/"},{"@type":"ListItem","position":3,"name":"2015 | IV FESTIVAL"}]},{"@type":"WebSite","@id":"https:\/\/anarcopunk.org\/festival\/#website","url":"https:\/\/anarcopunk.org\/festival\/","name":"Festival do Filme Anarquista e Punk de SP","description":"","potentialAction":[{"@type":"SearchAction","target":{"@type":"EntryPoint","urlTemplate":"https:\/\/anarcopunk.org\/festival\/?s={search_term_string}"},"query-input":{"@type":"PropertyValueSpecification","valueRequired":true,"valueName":"search_term_string"}}],"inLanguage":"pt-BR"}]}},"_links":{"self":[{"href":"https:\/\/anarcopunk.org\/festival\/wp-json\/wp\/v2\/pages\/35","targetHints":{"allow":["GET"]}}],"collection":[{"href":"https:\/\/anarcopunk.org\/festival\/wp-json\/wp\/v2\/pages"}],"about":[{"href":"https:\/\/anarcopunk.org\/festival\/wp-json\/wp\/v2\/types\/page"}],"author":[{"embeddable":true,"href":"https:\/\/anarcopunk.org\/festival\/wp-json\/wp\/v2\/users\/1"}],"replies":[{"embeddable":true,"href":"https:\/\/anarcopunk.org\/festival\/wp-json\/wp\/v2\/comments?post=35"}],"version-history":[{"count":5,"href":"https:\/\/anarcopunk.org\/festival\/wp-json\/wp\/v2\/pages\/35\/revisions"}],"predecessor-version":[{"id":126,"href":"https:\/\/anarcopunk.org\/festival\/wp-json\/wp\/v2\/pages\/35\/revisions\/126"}],"up":[{"embeddable":true,"href":"https:\/\/anarcopunk.org\/festival\/wp-json\/wp\/v2\/pages\/25"}],"wp:attachment":[{"href":"https:\/\/anarcopunk.org\/festival\/wp-json\/wp\/v2\/media?parent=35"}],"curies":[{"name":"wp","href":"https:\/\/api.w.org\/{rel}","templated":true}]}}